{"id":149,"date":"2021-01-26T09:02:52","date_gmt":"2021-01-26T09:02:52","guid":{"rendered":"https:\/\/sport-dienville.fr\/?page_id=149"},"modified":"2025-07-02T08:35:59","modified_gmt":"2025-07-02T08:35:59","slug":"kayak","status":"publish","type":"page","link":"https:\/\/sport-dienville.fr\/en\/kayak\/","title":{"rendered":"Kayak"},"content":{"rendered":"<p>[et_pb_section fb_built=\u00a0\u00bb1&Prime; admin_label=\u00a0\u00bbHeader\u00a0\u00bb _builder_version=\u00a0\u00bb4.24.2&Prime; _module_preset=\u00a0\u00bbdefault\u00a0\u00bb background_color=\u00a0\u00bb#FE9007&Prime; background_enable_image=\u00a0\u00bboff\u00a0\u00bb custom_margin=\u00a0\u00bb||||false|false\u00a0\u00bb custom_padding=\u00a0\u00bb0px||0px||true|false\u00a0\u00bb global_colors_info=\u00a0\u00bb{}\u00a0\u00bb][et_pb_row admin_label=\u00a0\u00bbLigne\u00a0\u00bb _builder_version=\u00a0\u00bb4.24.2&Prime; _module_preset=\u00a0\u00bbdefault\u00a0\u00bb background_color=\u00a0\u00bb#FE9007&Prime; custom_margin=\u00a0\u00bb||||true|false\u00a0\u00bb custom_padding=\u00a0\u00bb2.5rem||2.5rem||true|false\u00a0\u00bb global_colors_info=\u00a0\u00bb{}\u00a0\u00bb header_font_size_tablet=\u00a0\u00bb7rem\u00a0\u00bb header_font_size_phone=\u00a0\u00bb3rem\u00a0\u00bb header_font_size_last_edited=\u00a0\u00bbon|phone\u00a0\u00bb][et_pb_column type=\u00a0\u00bb4_4&Prime; _builder_version=\u00a0\u00bb4.16&Prime; _module_preset=\u00a0\u00bbdefault\u00a0\u00bb global_colors_info=\u00a0\u00bb{}\u00a0\u00bb][et_pb_text admin_label=\u00a0\u00bbH1&Prime; _builder_version=\u00a0\u00bb4.24.2&Prime; _module_preset=\u00a0\u00bbdefault\u00a0\u00bb header_text_align=\u00a0\u00bbcenter\u00a0\u00bb header_text_color=\u00a0\u00bb#3F2D1F\u00a0\u00bb header_font_size=\u00a0\u00bb7rem\u00a0\u00bb header_2_font=\u00a0\u00bb||||on||||\u00a0\u00bb header_2_text_align=\u00a0\u00bbcenter\u00a0\u00bb header_2_text_color=\u00a0\u00bb#85603C\u00a0\u00bb background_color=\u00a0\u00bb#FE9007&Prime; custom_margin=\u00a0\u00bb||||true|false\u00a0\u00bb custom_padding=\u00a0\u00bb2.5rem||2.5rem||true|false\u00a0\u00bb header_font_size_tablet=\u00a0\u00bb7rem\u00a0\u00bb header_font_size_phone=\u00a0\u00bb3rem\u00a0\u00bb header_font_size_last_edited=\u00a0\u00bbon|phone\u00a0\u00bb global_colors_info=\u00a0\u00bb{}\u00a0\u00bb]<\/p>\n<h1>Kayak rental<\/h1>\n<p>[\/et_pb_text][\/et_pb_column][\/et_pb_row][\/et_pb_section][et_pb_section fb_built=\u00a0\u00bb1&Prime; _builder_version=\u00a0\u00bb4.27.4&Prime; _dynamic_attributes=\u00a0\u00bblink_option_url\u00a0\u00bb _module_preset=\u00a0\u00bbdefault\u00a0\u00bb background_color=\u00a0\u00bb#FE9007&Prime; positioning=\u00a0\u00bbfixed\u00a0\u00bb position_origin_a=\u00a0\u00bbbottom_center\u00a0\u00bb position_origin_f=\u00a0\u00bbbottom_center\u00a0\u00bb vertical_offset=\u00a0\u00bb100px\u00a0\u00bb z_index=\u00a0\u00bb9999&Prime; width_phone=\u00a0\u00bb100%\u00a0\u00bb width_last_edited=\u00a0\u00bboff|tablet\u00a0\u00bb height=\u00a0\u00bb0px\u00a0\u00bb custom_margin=\u00a0\u00bb0px||0px||false|false\u00a0\u00bb custom_padding=\u00a0\u00bb0px||0px||false|false\u00a0\u00bb link_option_url=\u00a0\u00bb#reserver\u00a0\u00bb global_module=\u00a0\u00bb828&Prime; global_colors_info=\u00a0\u00bb{}\u00a0\u00bb][et_pb_row _builder_version=\u00a0\u00bb4.27.4&Prime; _module_preset=\u00a0\u00bbdefault\u00a0\u00bb background_color=\u00a0\u00bb#FE9007&Prime; width=\u00a0\u00bb100%\u00a0\u00bb max_width=\u00a0\u00bb100%\u00a0\u00bb link_option_url=\u00a0\u00bb#reserver\u00a0\u00bb link_option_url_new_window=\u00a0\u00bbon\u00a0\u00bb global_colors_info=\u00a0\u00bb{}\u00a0\u00bb][et_pb_column type=\u00a0\u00bb4_4&Prime; _builder_version=\u00a0\u00bb4.24.2&Prime; _module_preset=\u00a0\u00bbdefault\u00a0\u00bb global_colors_info=\u00a0\u00bb{}\u00a0\u00bb][et_pb_text _builder_version=\u00a0\u00bb4.27.4&Prime; _module_preset=\u00a0\u00bbdefault\u00a0\u00bb header_2_font=\u00a0\u00bb|700|||||||\u00a0\u00bb header_2_text_align=\u00a0\u00bbcenter\u00a0\u00bb header_2_text_color=\u00a0\u00bb#F4F4F4&Prime; link_option_url=\u00a0\u00bb#reserver\u00a0\u00bb global_colors_info=\u00a0\u00bb{}\u00a0\u00bb]<\/p>\n<h2><svg style=\"height: 40px; width: 40px;\" xmlns=\"http:\/\/www.w3.org\/2000\/svg\" viewbox=\"0 0 448 512\"><!--!Font Awesome Free 6.7.2 by @fontawesome - https:\/\/fontawesome.com License - https:\/\/fontawesome.com\/license\/free Copyright 2025 Fonticons, Inc.--><path fill=\"currentColor\" d=\"M128 0c17.7 0 32 14.3 32 32l0 32 128 0 0-32c0-17.7 14.3-32 32-32s32 14.3 32 32l0 32 48 0c26.5 0 48 21.5 48 48l0 48L0 160l0-48C0 85.5 21.5 64 48 64l48 0 0-32c0-17.7 14.3-32 32-32zM0 192l448 0 0 272c0 26.5-21.5 48-48 48L48 512c-26.5 0-48-21.5-48-48L0 192zm64 80l0 32c0 8.8 7.2 16 16 16l32 0c8.8 0 16-7.2 16-16l0-32c0-8.8-7.2-16-16-16l-32 0c-8.8 0-16 7.2-16 16zm128 0l0 32c0 8.8 7.2 16 16 16l32 0c8.8 0 16-7.2 16-16l0-32c0-8.8-7.2-16-16-16l-32 0c-8.8 0-16 7.2-16 16zm144-16c-8.8 0-16 7.2-16 16l0 32c0 8.8 7.2 16 16 16l32 0c8.8 0 16-7.2 16-16l0-32c0-8.8-7.2-16-16-16l-32 0zM64 400l0 32c0 8.8 7.2 16 16 16l32 0c8.8 0 16-7.2 16-16l0-32c0-8.8-7.2-16-16-16l-32 0c-8.8 0-16 7.2-16 16zm144-16c-8.8 0-16 7.2-16 16l0 32c0 8.8 7.2 16 16 16l32 0c8.8 0 16-7.2 16-16l0-32c0-8.8-7.2-16-16-16l-32 0zm112 16l0 32c0 8.8 7.2 16 16 16l32 0c8.8 0 16-7.2 16-16l0-32c0-8.8-7.2-16-16-16l-32 0c-8.8 0-16 7.2-16 16z\"\/><\/svg> Book right now<\/h2>\n<p>[\/et_pb_text][\/et_pb_column][\/et_pb_row][\/et_pb_section][et_pb_section fb_built=\u00a0\u00bb1&Prime; disabled_on=\u00a0\u00bboff|off|off\u00a0\u00bb _builder_version=\u00a0\u00bb4.16&Prime; _module_preset=\u00a0\u00bbdefault\u00a0\u00bb background_color=\u00a0\u00bb#3F2D1F\u00a0\u00bb custom_margin=\u00a0\u00bb0px||0px||false|false\u00a0\u00bb custom_padding=\u00a0\u00bb0px||0px||false|false\u00a0\u00bb global_colors_info=\u00a0\u00bb{}\u00a0\u00bb][et_pb_row _builder_version=\u00a0\u00bb4.16&Prime; _module_preset=\u00a0\u00bbdefault\u00a0\u00bb width=\u00a0\u00bb100%\u00a0\u00bb max_width=\u00a0\u00bb100%\u00a0\u00bb custom_margin=\u00a0\u00bb0px|0px|0px|0px|true|true\u00a0\u00bb custom_padding=\u00a0\u00bb0px||||false|false\u00a0\u00bb global_colors_info=\u00a0\u00bb{}\u00a0\u00bb][et_pb_column type=\u00a0\u00bb4_4&Prime; _builder_version=\u00a0\u00bb4.16&Prime; _module_preset=\u00a0\u00bbdefault\u00a0\u00bb global_colors_info=\u00a0\u00bb{}\u00a0\u00bb][modula_gallery gallery_select=\u00a0\u00bb398&Prime; _builder_version=\u00a0\u00bb4.16&Prime; _module_preset=\u00a0\u00bbdefault\u00a0\u00bb global_colors_info=\u00a0\u00bb{}\u00a0\u00bb][\/modula_gallery][\/et_pb_column][\/et_pb_row][\/et_pb_section][et_pb_section fb_built=\u00a0\u00bb1&Prime; admin_label=\u00a0\u00bbSection\u00a0\u00bb _builder_version=\u00a0\u00bb4.24.2&Prime; _module_preset=\u00a0\u00bbdefault\u00a0\u00bb background_color=\u00a0\u00bb#F4F4F4&Prime; custom_padding=\u00a0\u00bb100px||||false|false\u00a0\u00bb top_divider_style=\u00a0\u00bbmountains2&Prime; top_divider_color=\u00a0\u00bb#3F2D1F\u00a0\u00bb top_divider_repeat=\u00a0\u00bb2x\u00a0\u00bb global_colors_info=\u00a0\u00bb{}\u00a0\u00bb][et_pb_row _builder_version=\u00a0\u00bb4.24.2&Prime; _module_preset=\u00a0\u00bbdefault\u00a0\u00bb global_colors_info=\u00a0\u00bb{}\u00a0\u00bb][et_pb_column type=\u00a0\u00bb4_4&Prime; _builder_version=\u00a0\u00bb4.24.2&Prime; _module_preset=\u00a0\u00bbdefault\u00a0\u00bb global_colors_info=\u00a0\u00bb{}\u00a0\u00bb][et_pb_text _builder_version=\u00a0\u00bb4.27.4&Prime; _module_preset=\u00a0\u00bbdefault\u00a0\u00bb global_colors_info=\u00a0\u00bb{}\u00a0\u00bb]Nous sommes situ\u00e9s au bord de la rivi\u00e8re Aube, nous vous amenons en minibus \u00e0 un point de d\u00e9part en amont et vous descendez en autonomie la rivi\u00e8re jusqu&rsquo;\u00e0 nous.<\/p>\n<p>We have 4 proposals:<br \/>\n&#8211; <b>Small descent<\/b> (1h30-2h)<br \/>\n&#8211; <b>Classic descent<\/b> (2h-3h)<br \/>\n&#8211; <b>Discovery of the Temple Natural Reserve<\/b> (2h30)<br \/>\n&#8211; <b>Mini wander<\/b> (1h - rental on site without transport necessary \u2013 accessible to very young children)<\/p>\n<p>Notre offre comprend : Parking, gilets de sauvetage, petit sac \u00e9tanche pour petits objets, kayak mono, duo ou famille, transport au point de mise \u00e0 l&rsquo;eau, descente libre de la rivi\u00e8re (sauf mini d\u00e9couverte).[\/et_pb_text][\/et_pb_column][\/et_pb_row][et_pb_row column_structure=\u00a0\u00bb2_5,3_5&Prime; make_equal=\u00a0\u00bbon\u00a0\u00bb _builder_version=\u00a0\u00bb4.24.2&Prime; _module_preset=\u00a0\u00bbdefault\u00a0\u00bb width=\u00a0\u00bb90%\u00a0\u00bb max_width=\u00a0\u00bb90%\u00a0\u00bb module_alignment=\u00a0\u00bbcenter\u00a0\u00bb custom_margin=\u00a0\u00bb||||false|false\u00a0\u00bb collapsed=\u00a0\u00bboff\u00a0\u00bb global_colors_info=\u00a0\u00bb{}\u00a0\u00bb][et_pb_column type=\u00a0\u00bb2_5&Prime; _builder_version=\u00a0\u00bb4.16&Prime; _module_preset=\u00a0\u00bbdefault\u00a0\u00bb global_colors_info=\u00a0\u00bb{}\u00a0\u00bb][et_pb_text _builder_version=\u00a0\u00bb4.27.0&Prime; _module_preset=\u00a0\u00bbdefault\u00a0\u00bb header_2_text_align=\u00a0\u00bbcenter\u00a0\u00bb global_colors_info=\u00a0\u00bb{}\u00a0\u00bb]<\/p>\n<h2>Discover the jewels of the Aube river<\/h2>\n<p>[\/et_pb_text][et_pb_text _builder_version=\u00a0\u00bb4.27.0&Prime; _module_preset=\u00a0\u00bbdefault\u00a0\u00bb text_orientation=\u00a0\u00bbcenter\u00a0\u00bb global_colors_info=\u00a0\u00bb{}\u00a0\u00bb]<\/p>\n<p style=\"text-align: center;\">Our kayak trips invite you to fully enjoy the gifts of nature, but also the benefits and serenity of this <strong>family activity<\/strong>.<\/p>\n<p style=\"text-align: center;\">Along the Aube, you can take the time to relax on the beaches to refresh yourself on hot days. You can swim in a calm river that will delight both adults and children.<\/p>\n<p style=\"text-align: center;\">In the shade of its trees, you'll discover a wealth of ecological diversity. Between the tree roots and the plants growing on the banks and in the water, you can observe all the flora of the Aube.<\/p>\n<p style=\"text-align: center;\">These trees and plants provide perfect habitats for the animal species that inhabit the Aube. Carp, perch, and even catfish will accompany you on your canoe trip. You might also see some crayfish and amphibians.<\/p>\n<p style=\"text-align: center;\">Looking up, you can spot several protected bird species. As they soar, you might even be lucky enough to spot a kingfisher, a long-tailed tit, or a black swift.<\/p>\n<p style=\"text-align: center;\">Beyond the discovery of these jewels, the <strong>kayak descent<\/strong> on the Aube will offer you wonderful moments of relaxation and rest. This activity will also allow you to experience memorable moments of conviviality with family or friends.<\/p>\n<p>[\/et_pb_text][\/et_pb_column][et_pb_column type=\u00a0\u00bb3_5&Prime; _builder_version=\u00a0\u00bb4.24.2&Prime; _module_preset=\u00a0\u00bbdefault\u00a0\u00bb global_colors_info=\u00a0\u00bb{}\u00a0\u00bb][et_pb_text _builder_version=\u00a0\u00bb4.24.2&Prime; _module_preset=\u00a0\u00bbdefault\u00a0\u00bb header_3_text_align=\u00a0\u00bbcenter\u00a0\u00bb global_colors_info=\u00a0\u00bb{}\u00a0\u00bb]<\/p>\n<h3>Our kayaks<\/h3>\n<p>[\/et_pb_text][et_pb_gallery gallery_ids=\u00a0\u00bb1186,1187,1188&Prime; fullwidth=\u00a0\u00bbon\u00a0\u00bb disabled_on=\u00a0\u00bbon|on|on\u00a0\u00bb _builder_version=\u00a0\u00bb4.27.4&Prime; _module_preset=\u00a0\u00bbdefault\u00a0\u00bb global_colors_info=\u00a0\u00bb{}\u00a0\u00bb][\/et_pb_gallery][\/et_pb_column][\/et_pb_row][et_pb_row column_structure=\u00a0\u00bb3_5,2_5&Prime; make_equal=\u00a0\u00bbon\u00a0\u00bb _builder_version=\u00a0\u00bb4.24.2&Prime; _module_preset=\u00a0\u00bbdefault\u00a0\u00bb width=\u00a0\u00bb90%\u00a0\u00bb max_width=\u00a0\u00bb90%\u00a0\u00bb custom_css_main_element=\u00a0\u00bbalign-items: center;\u00a0\u00bb custom_css_free_form=\u00a0\u00bb@media all and (max-width: 980px) {||  selector {||    display: flex;||    flex-direction: column-reverse;||  }||}\u00a0\u00bb global_colors_info=\u00a0\u00bb{}\u00a0\u00bb][et_pb_column type=\u00a0\u00bb3_5&Prime; _builder_version=\u00a0\u00bb4.16&Prime; _module_preset=\u00a0\u00bbdefault\u00a0\u00bb global_colors_info=\u00a0\u00bb{}\u00a0\u00bb][et_pb_image src=\u00a0\u00bbhttps:\/\/sport-dienville.fr\/wp-content\/uploads\/2024\/03\/location-canoe.jpg\u00a0\u00bb title_text=\u00a0\u00bblocation-canoe\u00a0\u00bb _builder_version=\u00a0\u00bb4.24.2&Prime; _module_preset=\u00a0\u00bbdefault\u00a0\u00bb global_colors_info=\u00a0\u00bb{}\u00a0\u00bb][\/et_pb_image][\/et_pb_column][et_pb_column type=\u00a0\u00bb2_5&Prime; _builder_version=\u00a0\u00bb4.16&Prime; _module_preset=\u00a0\u00bbdefault\u00a0\u00bb global_colors_info=\u00a0\u00bb{}\u00a0\u00bb][et_pb_text _builder_version=\u00a0\u00bb4.27.4&Prime; _module_preset=\u00a0\u00bbdefault\u00a0\u00bb header_2_text_align=\u00a0\u00bbcenter\u00a0\u00bb custom_margin=\u00a0\u00bb||2rem||false|false\u00a0\u00bb global_colors_info=\u00a0\u00bb{}\u00a0\u00bb]<\/p>\n<p style=\"text-align: center;\">Sport Dienville therefore invites you to enjoy the benefits of kayaking on the Aube and discover its gems.<\/p>\n<p style=\"text-align: center;\">So, we offer you <strong>several routes<\/strong> of different length <strong>accessible to everyone<\/strong>. Lasting approximately <strong>1h30 and 2h30<\/strong>They will allow you to navigate along the water and take advantage of the many points where you can stop for a picnic or a snack, but also to relax and swim in the Aube.<\/p>\n<p style=\"text-align: center;\">Depending on your wishes, you can enjoy the rich fauna and diverse flora of the river in peace, following its course.<\/p>\n<p>[\/et_pb_text][\/et_pb_column][\/et_pb_row][\/et_pb_section][et_pb_section fb_built=\u00a0\u00bb1&Prime; prev_background_color=\u00a0\u00bb#F4F4F4&Prime; admin_label=\u00a0\u00bbSection\u00a0\u00bb _builder_version=\u00a0\u00bb4.16&Prime; _module_preset=\u00a0\u00bbdefault\u00a0\u00bb background_color=\u00a0\u00bb#3F2D1F\u00a0\u00bb custom_padding=\u00a0\u00bb5rem||||false|false\u00a0\u00bb top_divider_style=\u00a0\u00bbmountains2&Prime; global_colors_info=\u00a0\u00bb{}\u00a0\u00bb][et_pb_row _builder_version=\u00a0\u00bb4.27.4&Prime; _module_preset=\u00a0\u00bbdefault\u00a0\u00bb saved_tabs=\u00a0\u00bball\u00a0\u00bb global_colors_info=\u00a0\u00bb{}\u00a0\u00bb][et_pb_column type=\u00a0\u00bb4_4&Prime; _builder_version=\u00a0\u00bb4.16&Prime; _module_preset=\u00a0\u00bbdefault\u00a0\u00bb global_colors_info=\u00a0\u00bb{}\u00a0\u00bb][et_pb_image src=\u00a0\u00bbhttps:\/\/sport-dienville.fr\/wp-content\/uploads\/2025\/05\/tarifs-kayak-3.png\u00a0\u00bb title_text=\u00a0\u00bbtarifs kayak 3&Prime; show_in_lightbox=\u00a0\u00bbon\u00a0\u00bb align=\u00a0\u00bbcenter\u00a0\u00bb admin_label=\u00a0\u00bbTableau tarifs\u00a0\u00bb _builder_version=\u00a0\u00bb4.27.4&Prime; _module_preset=\u00a0\u00bbdefault\u00a0\u00bb width=\u00a0\u00bb80%\u00a0\u00bb box_shadow_style=\u00a0\u00bbpreset3&Prime; global_colors_info=\u00a0\u00bb{}\u00a0\u00bb][\/et_pb_image][et_pb_text _builder_version=\u00a0\u00bb4.27.4&Prime; _module_preset=\u00a0\u00bbdefault\u00a0\u00bb text_text_color=\u00a0\u00bb#F4F4F4&Prime; header_2_text_align=\u00a0\u00bbcenter\u00a0\u00bb text_orientation=\u00a0\u00bbcenter\u00a0\u00bb global_colors_info=\u00a0\u00bb{}\u00a0\u00bb]Nous vous accueillons au Domaine le Colombier \u00e0 Dienville.<\/p>\n<p>The meeting point is located at Domaine Le Colombier in Dienville (parking on site).<\/p>\n<p>Our kayaks: 1 seat, 2 seats or 2 seats + 1 child<\/p>\n<p><b>Meet 15 minutes BEFORE departure time<\/b><\/p>\n<p><strong>Wearing a life jacket and a pair of closed shoes is mandatory.<\/strong><\/p>\n<p>We ask that you bring a t-shirt to wear under your life jacket.<\/p>\n<p>Life jackets, paddles (adults and children) and waterproof bags are provided.<\/p>\n<p>[\/et_pb_text][et_pb_divider _builder_version=\u00a0\u00bb4.16&Prime; _module_preset=\u00a0\u00bbdefault\u00a0\u00bb width=\u00a0\u00bb50%\u00a0\u00bb module_alignment=\u00a0\u00bbcenter\u00a0\u00bb custom_margin=\u00a0\u00bb||0px||false|false\u00a0\u00bb global_colors_info=\u00a0\u00bb{}\u00a0\u00bb][\/et_pb_divider][et_pb_text _builder_version=\u00a0\u00bb4.27.4&Prime; _module_preset=\u00a0\u00bbdefault\u00a0\u00bb text_text_color=\u00a0\u00bb#F4F4F4&Prime; text_orientation=\u00a0\u00bbcenter\u00a0\u00bb global_colors_info=\u00a0\u00bb{}\u00a0\u00bb]<\/p>\n<p>For people with temporary or permanent reduced mobility, contact us!<br \/>Activities possible depending on weather conditions.<br \/>We reserve the right to refuse a reservation in the event of non-compliance with safety instructions.<\/p>\n<p>Remember to take a water bottle and sunscreen.<br \/>For any further questions, please contact us!<\/p>\n<p>[\/et_pb_text][\/et_pb_column][\/et_pb_row][\/et_pb_section][et_pb_section fb_built=\u00a0\u00bb1&Prime; admin_label=\u00a0\u00bbModule r\u00e9sa\u00a0\u00bb module_id=\u00a0\u00bbreserver\u00a0\u00bb _builder_version=\u00a0\u00bb4.27.4&Prime; _module_preset=\u00a0\u00bbdefault\u00a0\u00bb background_color=\u00a0\u00bb#3F2D1F\u00a0\u00bb saved_tabs=\u00a0\u00bball\u00a0\u00bb locked=\u00a0\u00bboff\u00a0\u00bb global_colors_info=\u00a0\u00bb{}\u00a0\u00bb][et_pb_row _builder_version=\u00a0\u00bb4.17.4&Prime; _module_preset=\u00a0\u00bbdefault\u00a0\u00bb global_colors_info=\u00a0\u00bb{}\u00a0\u00bb][et_pb_column type=\u00a0\u00bb4_4&Prime; _builder_version=\u00a0\u00bb4.17.4&Prime; _module_preset=\u00a0\u00bbdefault\u00a0\u00bb global_colors_info=\u00a0\u00bb{}\u00a0\u00bb][et_pb_text _builder_version=\u00a0\u00bb4.17.4&Prime; _module_preset=\u00a0\u00bbdefault\u00a0\u00bb header_3_text_align=\u00a0\u00bbcenter\u00a0\u00bb global_colors_info=\u00a0\u00bb{}\u00a0\u00bb]<\/p>\n<h3>Have you thought about booking online? It's quick and easy!<\/h3>\n<p>[\/et_pb_text][\/et_pb_column][\/et_pb_row][et_pb_row column_structure=\u00a0\u00bb1_2,1_2&Prime; _builder_version=\u00a0\u00bb4.27.4&Prime; _module_preset=\u00a0\u00bbdefault\u00a0\u00bb global_colors_info=\u00a0\u00bb{}\u00a0\u00bb][et_pb_column type=\u00a0\u00bb1_2&Prime; _builder_version=\u00a0\u00bb4.27.4&Prime; _module_preset=\u00a0\u00bbdefault\u00a0\u00bb global_colors_info=\u00a0\u00bb{}\u00a0\u00bb][et_pb_button button_url=\u00a0\u00bbhttps:\/\/tinyurl.com\/26dtzqor\u00a0\u00bb url_new_window=\u00a0\u00bbon\u00a0\u00bb button_text=\u00a0\u00bbPetite balade (1h30 env.) id\u00e9ale avec les tous petits\u00a0\u00bb button_alignment=\u00a0\u00bbcenter\u00a0\u00bb _builder_version=\u00a0\u00bb4.27.4&Prime; _module_preset=\u00a0\u00bbdefault\u00a0\u00bb hover_enabled=\u00a0\u00bb0&Prime; global_colors_info=\u00a0\u00bb{}\u00a0\u00bb custom_button=\u00a0\u00bbon\u00a0\u00bb button_font=\u00a0\u00bb|700|||||||\u00a0\u00bb sticky_enabled=\u00a0\u00bb0&Prime;][\/et_pb_button][\/et_pb_column][et_pb_column type=\u00a0\u00bb1_2&Prime; _builder_version=\u00a0\u00bb4.27.4&Prime; _module_preset=\u00a0\u00bbdefault\u00a0\u00bb global_colors_info=\u00a0\u00bb{}\u00a0\u00bb][et_pb_button button_url=\u00a0\u00bbhttps:\/\/tinyurl.com\/2db5yd7t\u00a0\u00bb url_new_window=\u00a0\u00bbon\u00a0\u00bb button_text=\u00a0\u00bbDescente standard (2h \u00e0 2h30) La meilleure!\u00a0\u00bb button_alignment=\u00a0\u00bbcenter\u00a0\u00bb _builder_version=\u00a0\u00bb4.27.4&Prime; _module_preset=\u00a0\u00bbdefault\u00a0\u00bb global_colors_info=\u00a0\u00bb{}\u00a0\u00bb custom_button=\u00a0\u00bbon\u00a0\u00bb button_font=\u00a0\u00bb|700|||||||\u00a0\u00bb][\/et_pb_button][\/et_pb_column][\/et_pb_row][\/et_pb_section][et_pb_section fb_built=\u00a0\u00bb1&Prime; admin_label=\u00a0\u00bbSection\u00a0\u00bb _builder_version=\u00a0\u00bb4.8.1&Prime; _module_preset=\u00a0\u00bbdefault\u00a0\u00bb background_color=\u00a0\u00bb#F4F4F4&Prime; custom_margin=\u00a0\u00bb0px||||false|false\u00a0\u00bb custom_padding=\u00a0\u00bb0px||100px||false|false\u00a0\u00bb bottom_divider_style=\u00a0\u00bbmountains2&Prime; bottom_divider_color=\u00a0\u00bb#3F2D1F\u00a0\u00bb bottom_divider_repeat=\u00a0\u00bb2x\u00a0\u00bb global_module=\u00a0\u00bb323&Prime; saved_tabs=\u00a0\u00bball\u00a0\u00bb global_colors_info=\u00a0\u00bb{}\u00a0\u00bb][et_pb_row make_equal=\u00a0\u00bbon\u00a0\u00bb _builder_version=\u00a0\u00bb4.16&Prime; _module_preset=\u00a0\u00bbdefault\u00a0\u00bb global_colors_info=\u00a0\u00bb{}\u00a0\u00bb][et_pb_column type=\u00a0\u00bb4_4&Prime; _builder_version=\u00a0\u00bb4.16&Prime; _module_preset=\u00a0\u00bbdefault\u00a0\u00bb global_colors_info=\u00a0\u00bb{}\u00a0\u00bb][et_pb_text _builder_version=\u00a0\u00bb4.27.4&Prime; _module_preset=\u00a0\u00bbdefault\u00a0\u00bb header_2_text_align=\u00a0\u00bbcenter\u00a0\u00bb header_3_font=\u00a0\u00bb||||on||||\u00a0\u00bb header_3_font_size=\u00a0\u00bb20px\u00a0\u00bb text_orientation=\u00a0\u00bbcenter\u00a0\u00bb global_colors_info=\u00a0\u00bb{}\u00a0\u00bb]<\/p>\n<h2>Come to us<\/h2>\n<p>[\/et_pb_text][\/et_pb_column][\/et_pb_row][et_pb_row column_structure=\u00a0\u00bb1_3,2_3&Prime; make_equal=\u00a0\u00bbon\u00a0\u00bb _builder_version=\u00a0\u00bb4.16&Prime; _module_preset=\u00a0\u00bbdefault\u00a0\u00bb custom_css_main_element=\u00a0\u00bbalign-items: center;\u00a0\u00bb global_colors_info=\u00a0\u00bb{}\u00a0\u00bb][et_pb_column type=\u00a0\u00bb1_3&Prime; _builder_version=\u00a0\u00bb4.16&Prime; _module_preset=\u00a0\u00bbdefault\u00a0\u00bb global_colors_info=\u00a0\u00bb{}\u00a0\u00bb][et_pb_text _builder_version=\u00a0\u00bb4.24.2&Prime; _module_preset=\u00a0\u00bbdefault\u00a0\u00bb header_2_text_align=\u00a0\u00bbcenter\u00a0\u00bb header_3_font=\u00a0\u00bb||||on||||\u00a0\u00bb header_3_font_size=\u00a0\u00bb20px\u00a0\u00bb text_orientation=\u00a0\u00bbcenter\u00a0\u00bb module_alignment=\u00a0\u00bbcenter\u00a0\u00bb custom_margin=\u00a0\u00bb||||true|false\u00a0\u00bb custom_padding=\u00a0\u00bb||||true|false\u00a0\u00bb global_colors_info=\u00a0\u00bb{}\u00a0\u00bb]<\/p>\n<h3>SPORT Dienville<\/h3>\n<p>Domaine le Colombier<br \/>8 avenue Jean Lanez<br \/>10500 Dienville<\/p>\n<h3>Reach us<\/h3>\n<p><a href=\"tel:+33325922347\"><i class=\"fas fa-phone\"><\/i> +33 3 25 92 23 47<\/a><br \/><a href=\"mailto:sport.dienville@gmail.com\"><i class=\"fas fa-envelope\"><\/i> sport.dienville@gmail.com<\/a><\/p>\n<p>[\/et_pb_text][\/et_pb_column][et_pb_column type=\u00a0\u00bb2_3&Prime; _builder_version=\u00a0\u00bb4.16&Prime; _module_preset=\u00a0\u00bbdefault\u00a0\u00bb global_colors_info=\u00a0\u00bb{}\u00a0\u00bb][et_pb_code _builder_version=\u00a0\u00bb4.24.2&Prime; _module_preset=\u00a0\u00bbdefault\u00a0\u00bb global_colors_info=\u00a0\u00bb{}\u00a0\u00bb]<iframe src=\"https:\/\/www.google.com\/maps\/embed?pb=!1m18!1m12!1m3!1d16124.690598100808!2d4.519710393947648!3d48.34299732197301!2m3!1f0!2f0!3f0!3m2!1i1024!2i768!4f13.1!3m3!1m2!1s0x47ec15c72dfd498f%3A0x20778b4eade44ed7!2sSPORT%20Dienville!5e0!3m2!1sfr!2sen!4v1710891662280!5m2!1sfr!2sen\" width=\"800\" height=\"600\" style=\"border:0;\" allowfullscreen=\"\" loading=\"lazy\" referrerpolicy=\"no-referrer-when-downgrade\"><\/iframe>[\/et_pb_code][\/et_pb_column][\/et_pb_row][et_pb_row _builder_version=\u00a0\u00bb4.27.4&Prime; _module_preset=\u00a0\u00bbdefault\u00a0\u00bb global_colors_info=\u00a0\u00bb{}\u00a0\u00bb][et_pb_column type=\u00a0\u00bb4_4&Prime; _builder_version=\u00a0\u00bb4.16&Prime; _module_preset=\u00a0\u00bbdefault\u00a0\u00bb global_colors_info=\u00a0\u00bb{}\u00a0\u00bb][et_pb_text _builder_version=\u00a0\u00bb4.27.4&Prime; _module_preset=\u00a0\u00bbdefault\u00a0\u00bb text_font_size=\u00a0\u00bb20px\u00a0\u00bb text_orientation=\u00a0\u00bbcenter\u00a0\u00bb global_colors_info=\u00a0\u00bb{}\u00a0\u00bb]<\/p>\n<p><span style=\"font-family:'Gatintas';\">Sport Dienville<\/span>, an original idea proposed by the <a href=\"https:\/\/domaine-le-colombier.fr\" >Domaine le Colombier<\/a><\/p>\n<p>[\/et_pb_text][et_pb_text _builder_version=\u00a0\u00bb4.27.4&Prime; _module_preset=\u00a0\u00bbdefault\u00a0\u00bb text_font=\u00a0\u00bb||||||||\u00a0\u00bb text_orientation=\u00a0\u00bbcenter\u00a0\u00bb module_alignment=\u00a0\u00bbcenter\u00a0\u00bb global_colors_info=\u00a0\u00bb{}\u00a0\u00bb]<\/p>\n<p>Horaires d&rsquo;ouverture :<br \/>9am to 12am and 2pm to 8pm<br \/>from April 1st to November 15th, opened everyday<\/p>\n<p style=\"text-decoration: underline\">with the support of<\/p>\n<p>[\/et_pb_text][\/et_pb_column][\/et_pb_row][et_pb_row column_structure=\u00a0\u00bb1_6,1_6,1_6,1_6,1_6,1_6&Prime; make_equal=\u00a0\u00bbon\u00a0\u00bb _builder_version=\u00a0\u00bb4.16&Prime; _module_preset=\u00a0\u00bbdefault\u00a0\u00bb module_alignment=\u00a0\u00bbcenter\u00a0\u00bb custom_css_main_element=\u00a0\u00bbalign-items: center;\u00a0\u00bb global_colors_info=\u00a0\u00bb{}\u00a0\u00bb][et_pb_column type=\u00a0\u00bb1_6&Prime; _builder_version=\u00a0\u00bb4.16&Prime; _module_preset=\u00a0\u00bbdefault\u00a0\u00bb global_colors_info=\u00a0\u00bb{}\u00a0\u00bb][et_pb_image src=\u00a0\u00bbhttps:\/\/sport-dienville.fr\/wp-content\/uploads\/2021\/03\/cdt_Aube.png\u00a0\u00bb alt=\u00a0\u00bbcdt_Aube\u00a0\u00bb title_text=\u00a0\u00bbComit\u00e9 d\u00e9partemental du Tourisme de l&rsquo;Aube\u00a0\u00bb url=\u00a0\u00bbhttps:\/\/www.aube-champagne.com\/fr\/aube-en-champagne-tourisme\/\u00a0\u00bb url_new_window=\u00a0\u00bbon\u00a0\u00bb align=\u00a0\u00bbcenter\u00a0\u00bb _builder_version=\u00a0\u00bb4.27.4&Prime; _module_preset=\u00a0\u00bbdefault\u00a0\u00bb background_color=\u00a0\u00bb#F4F4F4&Prime; max_width=\u00a0\u00bb100px\u00a0\u00bb max_height=\u00a0\u00bb100px\u00a0\u00bb custom_padding=\u00a0\u00bb0.5rem|0.5rem|0.5rem|0.5rem|true|true\u00a0\u00bb global_colors_info=\u00a0\u00bb{}\u00a0\u00bb][\/et_pb_image][\/et_pb_column][et_pb_column type=\u00a0\u00bb1_6&Prime; _builder_version=\u00a0\u00bb4.16&Prime; _module_preset=\u00a0\u00bbdefault\u00a0\u00bb global_colors_info=\u00a0\u00bb{}\u00a0\u00bb][et_pb_image src=\u00a0\u00bbhttps:\/\/sport-dienville.fr\/wp-content\/uploads\/2021\/03\/logo_pnr.png\u00a0\u00bb alt=\u00a0\u00bblogo_pnr\u00a0\u00bb title_text=\u00a0\u00bbParc Naturel R\u00e9gional de le For\u00eat d&rsquo;Orient\u00a0\u00bb url=\u00a0\u00bbhttps:\/\/www.pnr-foret-orient.fr\u00a0\u00bb url_new_window=\u00a0\u00bbon\u00a0\u00bb align=\u00a0\u00bbcenter\u00a0\u00bb _builder_version=\u00a0\u00bb4.16&Prime; _module_preset=\u00a0\u00bbdefault\u00a0\u00bb background_color=\u00a0\u00bb#F4F4F4&Prime; max_width=\u00a0\u00bb100px\u00a0\u00bb max_height=\u00a0\u00bb100px\u00a0\u00bb custom_padding=\u00a0\u00bb0.5rem|0.5rem|0.5rem|0.5rem|true|true\u00a0\u00bb global_colors_info=\u00a0\u00bb{}\u00a0\u00bb][\/et_pb_image][\/et_pb_column][et_pb_column type=\u00a0\u00bb1_6&Prime; _builder_version=\u00a0\u00bb4.16&Prime; _module_preset=\u00a0\u00bbdefault\u00a0\u00bb global_colors_info=\u00a0\u00bb{}\u00a0\u00bb][et_pb_image src=\u00a0\u00bbhttps:\/\/sport-dienville.fr\/wp-content\/uploads\/2021\/04\/Logo_OTGLC.png\u00a0\u00bb alt=\u00a0\u00bbcc_champagne\u00a0\u00bb title_text=\u00a0\u00bbLogo_OTGLC\u00a0\u00bb url=\u00a0\u00bbhttps:\/\/cclacsdechampagne.fr\/\u00a0\u00bb url_new_window=\u00a0\u00bbon\u00a0\u00bb align=\u00a0\u00bbcenter\u00a0\u00bb _builder_version=\u00a0\u00bb4.16&Prime; _module_preset=\u00a0\u00bbdefault\u00a0\u00bb background_color=\u00a0\u00bb#F4F4F4&Prime; max_width=\u00a0\u00bb100px\u00a0\u00bb max_height=\u00a0\u00bb100px\u00a0\u00bb custom_padding=\u00a0\u00bb0.5rem|0.5rem|0.5rem|0.5rem|true|true\u00a0\u00bb global_colors_info=\u00a0\u00bb{}\u00a0\u00bb][\/et_pb_image][\/et_pb_column][et_pb_column type=\u00a0\u00bb1_6&Prime; _builder_version=\u00a0\u00bb4.16&Prime; _module_preset=\u00a0\u00bbdefault\u00a0\u00bb global_colors_info=\u00a0\u00bb{}\u00a0\u00bb][et_pb_image src=\u00a0\u00bbhttps:\/\/sport-dienville.fr\/wp-content\/uploads\/2021\/03\/blason_dienville.png\u00a0\u00bb alt=\u00a0\u00bbblason_dienville\u00a0\u00bb title_text=\u00a0\u00bbLa commune de Dienville\u00a0\u00bb url=\u00a0\u00bbhttps:\/\/commune-de-dienville.com\/\u00a0\u00bb url_new_window=\u00a0\u00bbon\u00a0\u00bb align=\u00a0\u00bbcenter\u00a0\u00bb _builder_version=\u00a0\u00bb4.16&Prime; _module_preset=\u00a0\u00bbdefault\u00a0\u00bb background_color=\u00a0\u00bb#F4F4F4&Prime; max_width=\u00a0\u00bb100px\u00a0\u00bb max_height=\u00a0\u00bb100px\u00a0\u00bb custom_padding=\u00a0\u00bb0.5rem|0.5rem|0.5rem|0.5rem|true|true\u00a0\u00bb global_colors_info=\u00a0\u00bb{}\u00a0\u00bb][\/et_pb_image][\/et_pb_column][et_pb_column type=\u00a0\u00bb1_6&Prime; _builder_version=\u00a0\u00bb4.16&Prime; _module_preset=\u00a0\u00bbdefault\u00a0\u00bb global_colors_info=\u00a0\u00bb{}\u00a0\u00bb][et_pb_image src=\u00a0\u00bbhttps:\/\/sport-dienville.fr\/wp-content\/uploads\/2022\/06\/leader_logo.png\u00a0\u00bb title_text=\u00a0\u00bbleader_logo\u00a0\u00bb url_new_window=\u00a0\u00bbon\u00a0\u00bb align=\u00a0\u00bbcenter\u00a0\u00bb _builder_version=\u00a0\u00bb4.16&Prime; _module_preset=\u00a0\u00bbdefault\u00a0\u00bb background_color=\u00a0\u00bb#F4F4F4&Prime; max_width=\u00a0\u00bb100px\u00a0\u00bb max_height=\u00a0\u00bb100px\u00a0\u00bb custom_padding=\u00a0\u00bb0.5rem|0.5rem|0.5rem|0.5rem|true|true\u00a0\u00bb global_colors_info=\u00a0\u00bb{}\u00a0\u00bb][\/et_pb_image][\/et_pb_column][et_pb_column type=\u00a0\u00bb1_6&Prime; _builder_version=\u00a0\u00bb4.16&Prime; _module_preset=\u00a0\u00bbdefault\u00a0\u00bb global_colors_info=\u00a0\u00bb{}\u00a0\u00bb][et_pb_image src=\u00a0\u00bbhttps:\/\/sport-dienville.fr\/wp-content\/uploads\/2022\/06\/eu_logo.png\u00a0\u00bb title_text=\u00a0\u00bbeu_logo\u00a0\u00bb url_new_window=\u00a0\u00bbon\u00a0\u00bb align=\u00a0\u00bbcenter\u00a0\u00bb _builder_version=\u00a0\u00bb4.16&Prime; _module_preset=\u00a0\u00bbdefault\u00a0\u00bb background_color=\u00a0\u00bb#F4F4F4&Prime; max_width=\u00a0\u00bb100px\u00a0\u00bb max_height=\u00a0\u00bb100px\u00a0\u00bb custom_padding=\u00a0\u00bb0.5rem|0.5rem|0.5rem|0.5rem|true|true\u00a0\u00bb global_colors_info=\u00a0\u00bb{}\u00a0\u00bb][\/et_pb_image][\/et_pb_column][\/et_pb_row][\/et_pb_section]<\/p>","protected":false},"excerpt":{"rendered":"<p>Location de kayak R\u00e9servez d\u00e8s maintenant<div class=\"et_pb_module modula_gallery modula_gallery_0\">\n\t\t\t\t\n\t\t\t\t\n\t\t\t\t\n\t\t\t\t\n\t\t\t\t\n\t\t\t\t\n\t\t\t\t<div class=\"et_pb_module_inner\">\n\t\t\t\t\t<style>#jtg-398 .modula-item .jtg-social a, .lightbox-socials.jtg-social a{ fill: #ffffff; color: #ffffff }#jtg-398 .modula-item .jtg-social-mobile a{ fill: #ffffff; color: #ffffff }#jtg-398 .modula-item .jtg-social svg, .lightbox-socials.jtg-social svg { height: 16px; width: 16px }#jtg-398 .modula-item .jtg-social-mobile svg { height: 16px; width: 16px }#jtg-398 .modula-item .jtg-social a:not(:last-child), .lightbox-socials.jtg-social a:not(:last-child) { margin-right: 10px }#jtg-398 .modula-item .jtg-social-mobile .jtg-social-mobile-icons a:not(:last-child){ margin-right: 10px }#jtg-398 .modula-item .figc {color:#ffffff;}#jtg-398 .modula-item .modula-item-content { transform: scale(1) }#jtg-398 { width:100%;}#jtg-398 .modula-items{height:400px;}@media screen and (max-width: 992px) {#jtg-398 .modula-items{height:400px;}}@media screen and (max-width: 768px) {#jtg-398 .modula-items{height:400px;}}#jtg-398 .modula-items .figc p.description { font-size:14px; }#jtg-398 .modula-items .figc p.description { color:#ffffff;}#jtg-398.modula-gallery .modula-item > a, #jtg-398.modula-gallery .modula-item, #jtg-398.modula-gallery .modula-item-content > a:not(.modula-no-follow) { cursor:zoom-in; } #jtg-398.modula-gallery .modula-item-content .modula-no-follow { cursor: default; } @media screen and (max-width:480px){#jtg-398 .modula-item .figc .jtg-title {  font-size: 12px; }#jtg-398 .modula-items .figc p.description { color:#ffffff;font-size:10px; }}#jtg-398 .modula-items .modula-item:hover img{opacity:1;}<\/style>\n<div  id=\"jtg-398\" class=\"modula modula-gallery modula-creative-gallery\" data-config=\"{&quot;height&quot;:400,&quot;tabletHeight&quot;:400,&quot;mobileHeight&quot;:400,&quot;desktopHeight&quot;:400,&quot;enableTwitter&quot;:false,&quot;enableWhatsapp&quot;:false,&quot;enableFacebook&quot;:false,&quot;enablePinterest&quot;:false,&quot;enableLinkedin&quot;:false,&quot;enableEmail&quot;:false,&quot;randomFactor&quot;:0.5,&quot;type&quot;:&quot;creative-gallery&quot;,&quot;columns&quot;:12,&quot;gutter&quot;:10,&quot;mobileGutter&quot;:10,&quot;tabletGutter&quot;:10,&quot;desktopGutter&quot;:10,&quot;enableResponsive&quot;:&quot;0&quot;,&quot;tabletColumns&quot;:2,&quot;mobileColumns&quot;:1,&quot;lazyLoad&quot;:&quot;0&quot;,&quot;lightboxOpts&quot;:{&quot;animated&quot;:true,&quot;Thumbs&quot;:{&quot;type&quot;:&quot;modern&quot;,&quot;showOnStart&quot;:false},&quot;Toolbar&quot;:{&quot;display&quot;:{&quot;right&quot;:[&quot;close&quot;]},&quot;enabled&quot;:true},&quot;Carousel&quot;:{&quot;Panzoom&quot;:{&quot;touch&quot;:false},&quot;infinite&quot;:false},&quot;keyboard&quot;:{&quot;Escape&quot;:&quot;close&quot;,&quot;Delete&quot;:&quot;close&quot;,&quot;Backspace&quot;:&quot;close&quot;,&quot;PageUp&quot;:false,&quot;PageDown&quot;:false,&quot;ArrowUp&quot;:false,&quot;ArrowDown&quot;:false,&quot;ArrowRight&quot;:false,&quot;ArrowLeft&quot;:false},&quot;touch&quot;:false,&quot;backdropClick&quot;:false,&quot;l10n&quot;:{&quot;CLOSE&quot;:&quot;Close&quot;,&quot;NEXT&quot;:&quot;Next&quot;,&quot;PREV&quot;:&quot;Previous&quot;,&quot;Error&quot;:&quot;The requested content cannot be loaded. Please try again later.&quot;,&quot;PLAY_START&quot;:&quot;Start slideshow&quot;,&quot;PLAY_STOP&quot;:&quot;Pause slideshow&quot;,&quot;FULL_SCREEN&quot;:&quot;Full screen&quot;,&quot;THUMBS&quot;:&quot;Thumbnails&quot;,&quot;DOWNLOAD&quot;:&quot;Download&quot;,&quot;SHARE&quot;:&quot;Share&quot;,&quot;ZOOM&quot;:&quot;Zoom&quot;,&quot;EMAIL&quot;:&quot;Here is the link to the image : %%image_link%% and this is the link to the gallery : %%gallery_link%%&quot;,&quot;MODAL&quot;:&quot;You can close this modal content with the ESC key&quot;,&quot;ERROR&quot;:&quot;Something Went Wrong, Please Try Again Later&quot;,&quot;IMAGE_ERROR&quot;:&quot;Image Not Found&quot;,&quot;ELEMENT_NOT_FOUND&quot;:&quot;HTML Element Not Found&quot;,&quot;AJAX_NOT_FOUND&quot;:&quot;Error Loading AJAX : Not Found&quot;,&quot;AJAX_FORBIDDEN&quot;:&quot;Error Loading AJAX : Forbidden&quot;,&quot;IFRAME_ERROR&quot;:&quot;Error Loading Page&quot;,&quot;TOGGLE_ZOOM&quot;:&quot;Toggle zoom level&quot;,&quot;TOGGLE_THUMBS&quot;:&quot;Toggle thumbnails&quot;,&quot;TOGGLE_SLIDESHOW&quot;:&quot;Toggle slideshow&quot;,&quot;TOGGLE_FULLSCREEN&quot;:&quot;Toggle full-screen mode&quot;},&quot;Images&quot;:{&quot;Panzoom&quot;:{&quot;maxScale&quot;:2}},&quot;mainClass&quot;:&quot;modula-fancybox-container modula-lightbox-jtg-398&quot;,&quot;Html&quot;:{&quot;videoAutoplay&quot;:0,&quot;videoTpl&quot;:&quot;&lt;video class=\\&quot;fancybox__html5video\\&quot; controls muted playsinline controlsList controlsList=\\&quot;nodownload\\&quot; poster=\\&quot;{{poster}}\\&quot; src=\\&quot;{{src}}\\&quot; type=\\&quot;{{format}}\\&quot; &gt;  Sorry, your browser doesn&#039;t support embedded videos, &lt;a href=\\&quot;{{src}}\\&quot;&gt; download &lt;\\\/a&gt; and watch with your favorite video player! &lt;\\\/video&gt;&quot;}},&quot;inView&quot;:false,&quot;email_subject&quot;:&quot;Check out this awesome image !!&quot;,&quot;email_message&quot;:&quot;Here is the link to the image : %%image_link%% and this is the link to the gallery : %%gallery_link%%&quot;,&quot;lightbox&quot;:&quot;fancybox&quot;}\">\n\n\t\n\t<div  class=\"modula-items\">\n\t\t<div class=\"modula-item\" >\n\t<div class=\"modula-item-content\">\n\t\t\n\t\t\t\t\t<a data-image-id=\"533\" tabindex=\"0\" rel=\"jtg-398\" data-caption=\"\" aria-label=\"Open image in lightbox\" role=\"button\" class=\"tile-inner modula-item-link\"><\/a>\n\t\t\n\t\t<img loading=\"lazy\" decoding=\"async\" class=\"pic wp-image-533\"  data-valign=\"middle\" data-halign=\"center\" alt=\"\" data-full=\"https:\/\/sport-dienville.fr\/wp-content\/uploads\/2021\/02\/canoe7.jpg\" title=\"canoe7\" width=\"2560\" height=\"1244\" src=\"https:\/\/sport-dienville.fr\/wp-content\/uploads\/2021\/02\/canoe7.jpg\" data-src=\"https:\/\/sport-dienville.fr\/wp-content\/uploads\/2021\/02\/canoe7.jpg\" data-caption=\"\" srcset=\"https:\/\/sport-dienville.fr\/wp-content\/uploads\/2021\/02\/canoe7-scaled.jpg 2560w, https:\/\/sport-dienville.fr\/wp-content\/uploads\/2021\/02\/canoe7-1280x622.jpg 1280w, https:\/\/sport-dienville.fr\/wp-content\/uploads\/2021\/02\/canoe7-980x476.jpg 980w, https:\/\/sport-dienville.fr\/wp-content\/uploads\/2021\/02\/canoe7-480x233.jpg 480w\" sizes=\"(min-width: 0px) and (max-width: 480px) 480px, (min-width: 481px) and (max-width: 980px) 980px, (min-width: 981px) and (max-width: 1280px) 1280px, (min-width: 1281px) 2560px, 100vw\" \/>\n\t<\/div>\n\n<\/div><div class=\"modula-item\" >\n\t<div class=\"modula-item-content\">\n\t\t\n\t\t\t\t\t<a data-image-id=\"532\" tabindex=\"0\" rel=\"jtg-398\" data-caption=\"\" aria-label=\"Open image in lightbox\" role=\"button\" class=\"tile-inner modula-item-link\"><\/a>\n\t\t\n\t\t<img loading=\"lazy\" decoding=\"async\" class=\"pic wp-image-532\"  data-valign=\"middle\" data-halign=\"center\" alt=\"\" data-full=\"https:\/\/sport-dienville.fr\/wp-content\/uploads\/2021\/02\/canoe8.jpg\" title=\"canoe8\" width=\"2560\" height=\"1244\" src=\"https:\/\/sport-dienville.fr\/wp-content\/uploads\/2021\/02\/canoe8.jpg\" data-src=\"https:\/\/sport-dienville.fr\/wp-content\/uploads\/2021\/02\/canoe8.jpg\" data-caption=\"\" srcset=\"https:\/\/sport-dienville.fr\/wp-content\/uploads\/2021\/02\/canoe8-scaled.jpg 2560w, https:\/\/sport-dienville.fr\/wp-content\/uploads\/2021\/02\/canoe8-1280x622.jpg 1280w, https:\/\/sport-dienville.fr\/wp-content\/uploads\/2021\/02\/canoe8-980x476.jpg 980w, https:\/\/sport-dienville.fr\/wp-content\/uploads\/2021\/02\/canoe8-480x233.jpg 480w\" sizes=\"(min-width: 0px) and (max-width: 480px) 480px, (min-width: 481px) and (max-width: 980px) 980px, (min-width: 981px) and (max-width: 1280px) 1280px, (min-width: 1281px) 2560px, 100vw\" \/>\n\t<\/div>\n\n<\/div><div class=\"modula-item\" >\n\t<div class=\"modula-item-content\">\n\t\t\n\t\t\t\t\t<a data-image-id=\"536\" tabindex=\"0\" rel=\"jtg-398\" data-caption=\"\" aria-label=\"Open image in lightbox\" role=\"button\" class=\"tile-inner modula-item-link\"><\/a>\n\t\t\n\t\t<img loading=\"lazy\" decoding=\"async\" class=\"pic wp-image-536\"  data-valign=\"middle\" data-halign=\"center\" alt=\"\" data-full=\"https:\/\/sport-dienville.fr\/wp-content\/uploads\/2021\/02\/canoe3.jpg\" title=\"canoe3\" width=\"2560\" height=\"1244\" src=\"https:\/\/sport-dienville.fr\/wp-content\/uploads\/2021\/02\/canoe3.jpg\" data-src=\"https:\/\/sport-dienville.fr\/wp-content\/uploads\/2021\/02\/canoe3.jpg\" data-caption=\"\" srcset=\"https:\/\/sport-dienville.fr\/wp-content\/uploads\/2021\/02\/canoe3-scaled.jpg 2560w, https:\/\/sport-dienville.fr\/wp-content\/uploads\/2021\/02\/canoe3-1280x622.jpg 1280w, https:\/\/sport-dienville.fr\/wp-content\/uploads\/2021\/02\/canoe3-980x476.jpg 980w, https:\/\/sport-dienville.fr\/wp-content\/uploads\/2021\/02\/canoe3-480x233.jpg 480w\" sizes=\"(min-width: 0px) and (max-width: 480px) 480px, (min-width: 481px) and (max-width: 980px) 980px, (min-width: 981px) and (max-width: 1280px) 1280px, (min-width: 1281px) 2560px, 100vw\" \/>\n\t<\/div>\n\n<\/div><div class=\"modula-item\" >\n\t<div class=\"modula-item-content\">\n\t\t\n\t\t\t\t\t<a data-image-id=\"539\" tabindex=\"0\" rel=\"jtg-398\" data-caption=\"\" aria-label=\"Open image in lightbox\" role=\"button\" class=\"tile-inner modula-item-link\"><\/a>\n\t\t\n\t\t<img loading=\"lazy\" decoding=\"async\" class=\"pic wp-image-539\"  data-valign=\"middle\" data-halign=\"center\" alt=\"\" data-full=\"https:\/\/sport-dienville.fr\/wp-content\/uploads\/2021\/02\/canoe5.jpg\" title=\"canoe5\" width=\"1008\" height=\"490\" src=\"https:\/\/sport-dienville.fr\/wp-content\/uploads\/2021\/02\/canoe5.jpg\" data-src=\"https:\/\/sport-dienville.fr\/wp-content\/uploads\/2021\/02\/canoe5.jpg\" data-caption=\"\" srcset=\"https:\/\/sport-dienville.fr\/wp-content\/uploads\/2021\/02\/canoe5.jpg 1008w, https:\/\/sport-dienville.fr\/wp-content\/uploads\/2021\/02\/canoe5-980x476.jpg 980w, https:\/\/sport-dienville.fr\/wp-content\/uploads\/2021\/02\/canoe5-480x233.jpg 480w\" sizes=\"(min-width: 0px) and (max-width: 480px) 480px, (min-width: 481px) and (max-width: 980px) 980px, (min-width: 981px) 1008px, 100vw\" \/>\n\t<\/div>\n\n<\/div><div class=\"modula-item\" >\n\t<div class=\"modula-item-content\">\n\t\t\n\t\t\t\t\t<a data-image-id=\"540\" tabindex=\"0\" rel=\"jtg-398\" data-caption=\"\" aria-label=\"Open image in lightbox\" role=\"button\" class=\"tile-inner modula-item-link\"><\/a>\n\t\t\n\t\t<img loading=\"lazy\" decoding=\"async\" class=\"pic wp-image-540\"  data-valign=\"middle\" data-halign=\"center\" alt=\"\" data-full=\"https:\/\/sport-dienville.fr\/wp-content\/uploads\/2021\/02\/canoe6.jpg\" title=\"canoe6\" width=\"922\" height=\"448\" src=\"https:\/\/sport-dienville.fr\/wp-content\/uploads\/2021\/02\/canoe6.jpg\" data-src=\"https:\/\/sport-dienville.fr\/wp-content\/uploads\/2021\/02\/canoe6.jpg\" data-caption=\"\" srcset=\"https:\/\/sport-dienville.fr\/wp-content\/uploads\/2021\/02\/canoe6.jpg 922w, https:\/\/sport-dienville.fr\/wp-content\/uploads\/2021\/02\/canoe6-480x233.jpg 480w\" sizes=\"(min-width: 0px) and (max-width: 480px) 480px, (min-width: 481px) 922px, 100vw\" \/>\n\t<\/div>\n\n<\/div><div class=\"modula-item\" >\n\t<div class=\"modula-item-content\">\n\t\t\n\t\t\t\t\t<a data-image-id=\"537\" tabindex=\"0\" rel=\"jtg-398\" data-caption=\"\" aria-label=\"Open image in lightbox\" role=\"button\" class=\"tile-inner modula-item-link\"><\/a>\n\t\t\n\t\t<img loading=\"lazy\" decoding=\"async\" class=\"pic wp-image-537\"  data-valign=\"middle\" data-halign=\"center\" alt=\"\" data-full=\"https:\/\/sport-dienville.fr\/wp-content\/uploads\/2021\/02\/canoe1.jpg\" title=\"canoe1\" width=\"806\" height=\"454\" src=\"https:\/\/sport-dienville.fr\/wp-content\/uploads\/2021\/02\/canoe1.jpg\" data-src=\"https:\/\/sport-dienville.fr\/wp-content\/uploads\/2021\/02\/canoe1.jpg\" data-caption=\"\" srcset=\"https:\/\/sport-dienville.fr\/wp-content\/uploads\/2021\/02\/canoe1.jpg 806w, https:\/\/sport-dienville.fr\/wp-content\/uploads\/2021\/02\/canoe1-480x270.jpg 480w\" sizes=\"(min-width: 0px) and (max-width: 480px) 480px, (min-width: 481px) 806px, 100vw\" \/>\n\t<\/div>\n\n<\/div><div class=\"modula-item\" >\n\t<div class=\"modula-item-content\">\n\t\t\n\t\t\t\t\t<a data-image-id=\"535\" tabindex=\"0\" rel=\"jtg-398\" data-caption=\"\" aria-label=\"Open image in lightbox\" role=\"button\" class=\"tile-inner modula-item-link\"><\/a>\n\t\t\n\t\t<img loading=\"lazy\" decoding=\"async\" class=\"pic wp-image-535\"  data-valign=\"middle\" data-halign=\"center\" alt=\"\" data-full=\"https:\/\/sport-dienville.fr\/wp-content\/uploads\/2021\/02\/canoe4.jpg\" title=\"canoe4\" width=\"2560\" height=\"1244\" src=\"https:\/\/sport-dienville.fr\/wp-content\/uploads\/2021\/02\/canoe4.jpg\" data-src=\"https:\/\/sport-dienville.fr\/wp-content\/uploads\/2021\/02\/canoe4.jpg\" data-caption=\"\" srcset=\"https:\/\/sport-dienville.fr\/wp-content\/uploads\/2021\/02\/canoe4-scaled.jpg 2560w, https:\/\/sport-dienville.fr\/wp-content\/uploads\/2021\/02\/canoe4-1280x622.jpg 1280w, https:\/\/sport-dienville.fr\/wp-content\/uploads\/2021\/02\/canoe4-980x476.jpg 980w, https:\/\/sport-dienville.fr\/wp-content\/uploads\/2021\/02\/canoe4-480x233.jpg 480w\" sizes=\"(min-width: 0px) and (max-width: 480px) 480px, (min-width: 481px) and (max-width: 980px) 980px, (min-width: 981px) and (max-width: 1280px) 1280px, (min-width: 1281px) 2560px, 100vw\" \/>\n\t<\/div>\n\n<\/div><div class=\"modula-item\" >\n\t<div class=\"modula-item-content\">\n\t\t\n\t\t\t\t\t<a data-image-id=\"538\" tabindex=\"0\" rel=\"jtg-398\" data-caption=\"\" aria-label=\"Open image in lightbox\" role=\"button\" class=\"tile-inner modula-item-link\"><\/a>\n\t\t\n\t\t<img loading=\"lazy\" decoding=\"async\" class=\"pic wp-image-538\"  data-valign=\"middle\" data-halign=\"center\" alt=\"\" data-full=\"https:\/\/sport-dienville.fr\/wp-content\/uploads\/2021\/02\/canoe2.jpg\" title=\"canoe2\" width=\"806\" height=\"454\" src=\"https:\/\/sport-dienville.fr\/wp-content\/uploads\/2021\/02\/canoe2.jpg\" data-src=\"https:\/\/sport-dienville.fr\/wp-content\/uploads\/2021\/02\/canoe2.jpg\" data-caption=\"\" srcset=\"https:\/\/sport-dienville.fr\/wp-content\/uploads\/2021\/02\/canoe2.jpg 806w, https:\/\/sport-dienville.fr\/wp-content\/uploads\/2021\/02\/canoe2-480x270.jpg 480w\" sizes=\"(min-width: 0px) and (max-width: 480px) 480px, (min-width: 481px) 806px, 100vw\" \/>\n\t<\/div>\n\n<\/div>\t\t\n\t<\/div>\n\n\t\n\t\n\t<script type=\"application\/ld+json\">\n\t{\n\t\t\"@context\": \"http:\/\/schema.org\",\n\t\t\"@type\"   : \"ImageGallery\",\n\t\t\"id\"      : \"https:\/\/sport-dienville.fr\/en\/wp-json\/wp\/v2\/pages\/149\/\",\n\t\t\"url\"     : \"https:\/\/sport-dienville.fr\/en\/wp-json\/wp\/v2\/pages\/149\/\"\n\t}\n\n\t<\/script>\n\n\t\n<\/div>\n\t\t\t\t<\/div>\n\t\t\t<\/div>Nous sommes situ\u00e9s au bord de la rivi\u00e8re Aube, nous vous amenons en minibus \u00e0 un point de d\u00e9part en amont et vous descendez en autonomie la rivi\u00e8re jusqu&rsquo;\u00e0 nous. Nous avons 4 propositions : &#8211; Petite Descente (1h30-2h) &#8211; Descente classique (2h-3h) &#8211; D\u00e9couverte de [&hellip;]<\/p>","protected":false},"author":1,"featured_media":0,"parent":0,"menu_order":0,"comment_status":"closed","ping_status":"closed","template":"","meta":{"_et_pb_use_builder":"on","_et_pb_old_content":"","_et_gb_content_width":"","footnotes":""},"class_list":["post-149","page","type-page","status-publish","hentry"],"yoast_head":"<!-- This site is optimized with the Yoast SEO plugin v25.0 - https:\/\/yoast.com\/wordpress\/plugins\/seo\/ -->\n<title>Location kayak - D\u00e9couvrez les joyaux de l&#039;Aube - Sport Dienville<\/title>\n<meta name=\"description\" content=\"Sport Dienville vous propose de la location de kayak pour d\u00e9couvrir la biodiversit\u00e9 de l&#039;Aube et vous ressourcer en famille ou entre amis.\" \/>\n<meta name=\"robots\" content=\"index, follow, max-snippet:-1, max-image-preview:large, max-video-preview:-1\" \/>\n<link rel=\"canonical\" href=\"https:\/\/sport-dienville.fr\/en\/kayak\/\" \/>\n<meta property=\"og:locale\" content=\"en_GB\" \/>\n<meta property=\"og:type\" content=\"article\" \/>\n<meta property=\"og:title\" content=\"Location kayak - D\u00e9couvrez les joyaux de l&#039;Aube - Sport Dienville\" \/>\n<meta property=\"og:description\" content=\"Sport Dienville vous propose de la location de kayak pour d\u00e9couvrir la biodiversit\u00e9 de l&#039;Aube et vous ressourcer en famille ou entre amis.\" \/>\n<meta property=\"og:url\" content=\"https:\/\/sport-dienville.fr\/en\/kayak\/\" \/>\n<meta property=\"og:site_name\" content=\"Sport Dienville\" \/>\n<meta property=\"article:modified_time\" content=\"2025-07-02T08:35:59+00:00\" \/>\n<meta name=\"twitter:card\" content=\"summary_large_image\" \/>\n<meta name=\"twitter:label1\" content=\"Estimated reading time\" \/>\n\t<meta name=\"twitter:data1\" content=\"4 minutes\" \/>\n<script type=\"application\/ld+json\" class=\"yoast-schema-graph\">{\"@context\":\"https:\/\/schema.org\",\"@graph\":[{\"@type\":\"WebPage\",\"@id\":\"https:\/\/sport-dienville.fr\/kayak\/\",\"url\":\"https:\/\/sport-dienville.fr\/kayak\/\",\"name\":\"Location kayak - D\u00e9couvrez les joyaux de l'Aube - Sport Dienville\",\"isPartOf\":{\"@id\":\"https:\/\/sport-dienville.fr\/#website\"},\"datePublished\":\"2021-01-26T09:02:52+00:00\",\"dateModified\":\"2025-07-02T08:35:59+00:00\",\"description\":\"Sport Dienville vous propose de la location de kayak pour d\u00e9couvrir la biodiversit\u00e9 de l'Aube et vous ressourcer en famille ou entre amis.\",\"breadcrumb\":{\"@id\":\"https:\/\/sport-dienville.fr\/kayak\/#breadcrumb\"},\"inLanguage\":\"en-GB\",\"potentialAction\":[{\"@type\":\"ReadAction\",\"target\":[\"https:\/\/sport-dienville.fr\/kayak\/\"]}]},{\"@type\":\"BreadcrumbList\",\"@id\":\"https:\/\/sport-dienville.fr\/kayak\/#breadcrumb\",\"itemListElement\":[{\"@type\":\"ListItem\",\"position\":1,\"name\":\"Accueil\",\"item\":\"https:\/\/sport-dienville.fr\/\"},{\"@type\":\"ListItem\",\"position\":2,\"name\":\"Location Kayak\"}]},{\"@type\":\"WebSite\",\"@id\":\"https:\/\/sport-dienville.fr\/#website\",\"url\":\"https:\/\/sport-dienville.fr\/\",\"name\":\"Sport Dienville\",\"description\":\"Sports sauvages\",\"potentialAction\":[{\"@type\":\"SearchAction\",\"target\":{\"@type\":\"EntryPoint\",\"urlTemplate\":\"https:\/\/sport-dienville.fr\/?s={search_term_string}\"},\"query-input\":{\"@type\":\"PropertyValueSpecification\",\"valueRequired\":true,\"valueName\":\"search_term_string\"}}],\"inLanguage\":\"en-GB\"}]}<\/script>\n<!-- \/ Yoast SEO plugin. -->","yoast_head_json":{"title":"Location kayak - D\u00e9couvrez les joyaux de l'Aube - Sport Dienville","description":"Sport Dienville vous propose de la location de kayak pour d\u00e9couvrir la biodiversit\u00e9 de l'Aube et vous ressourcer en famille ou entre amis.","robots":{"index":"index","follow":"follow","max-snippet":"max-snippet:-1","max-image-preview":"max-image-preview:large","max-video-preview":"max-video-preview:-1"},"canonical":"https:\/\/sport-dienville.fr\/en\/kayak\/","og_locale":"en_GB","og_type":"article","og_title":"Location kayak - D\u00e9couvrez les joyaux de l'Aube - Sport Dienville","og_description":"Sport Dienville vous propose de la location de kayak pour d\u00e9couvrir la biodiversit\u00e9 de l'Aube et vous ressourcer en famille ou entre amis.","og_url":"https:\/\/sport-dienville.fr\/en\/kayak\/","og_site_name":"Sport Dienville","article_modified_time":"2025-07-02T08:35:59+00:00","twitter_card":"summary_large_image","twitter_misc":{"Estimated reading time":"4 minutes"},"schema":{"@context":"https:\/\/schema.org","@graph":[{"@type":"WebPage","@id":"https:\/\/sport-dienville.fr\/kayak\/","url":"https:\/\/sport-dienville.fr\/kayak\/","name":"Location kayak - D\u00e9couvrez les joyaux de l'Aube - Sport Dienville","isPartOf":{"@id":"https:\/\/sport-dienville.fr\/#website"},"datePublished":"2021-01-26T09:02:52+00:00","dateModified":"2025-07-02T08:35:59+00:00","description":"Sport Dienville vous propose de la location de kayak pour d\u00e9couvrir la biodiversit\u00e9 de l'Aube et vous ressourcer en famille ou entre amis.","breadcrumb":{"@id":"https:\/\/sport-dienville.fr\/kayak\/#breadcrumb"},"inLanguage":"en-GB","potentialAction":[{"@type":"ReadAction","target":["https:\/\/sport-dienville.fr\/kayak\/"]}]},{"@type":"BreadcrumbList","@id":"https:\/\/sport-dienville.fr\/kayak\/#breadcrumb","itemListElement":[{"@type":"ListItem","position":1,"name":"Accueil","item":"https:\/\/sport-dienville.fr\/"},{"@type":"ListItem","position":2,"name":"Location Kayak"}]},{"@type":"WebSite","@id":"https:\/\/sport-dienville.fr\/#website","url":"https:\/\/sport-dienville.fr\/","name":"Sport Dienville","description":"Sports sauvages","potentialAction":[{"@type":"SearchAction","target":{"@type":"EntryPoint","urlTemplate":"https:\/\/sport-dienville.fr\/?s={search_term_string}"},"query-input":{"@type":"PropertyValueSpecification","valueRequired":true,"valueName":"search_term_string"}}],"inLanguage":"en-GB"}]}},"_links":{"self":[{"href":"https:\/\/sport-dienville.fr\/en\/wp-json\/wp\/v2\/pages\/149","targetHints":{"allow":["GET"]}}],"collection":[{"href":"https:\/\/sport-dienville.fr\/en\/wp-json\/wp\/v2\/pages"}],"about":[{"href":"https:\/\/sport-dienville.fr\/en\/wp-json\/wp\/v2\/types\/page"}],"author":[{"embeddable":true,"href":"https:\/\/sport-dienville.fr\/en\/wp-json\/wp\/v2\/users\/1"}],"replies":[{"embeddable":true,"href":"https:\/\/sport-dienville.fr\/en\/wp-json\/wp\/v2\/comments?post=149"}],"version-history":[{"count":87,"href":"https:\/\/sport-dienville.fr\/en\/wp-json\/wp\/v2\/pages\/149\/revisions"}],"predecessor-version":[{"id":1321,"href":"https:\/\/sport-dienville.fr\/en\/wp-json\/wp\/v2\/pages\/149\/revisions\/1321"}],"wp:attachment":[{"href":"https:\/\/sport-dienville.fr\/en\/wp-json\/wp\/v2\/media?parent=149"}],"curies":[{"name":"wp","href":"https:\/\/api.w.org\/{rel}","templated":true}]}}