{"id":41,"date":"2021-01-23T15:08:59","date_gmt":"2021-01-23T15:08:59","guid":{"rendered":"https:\/\/sport-dienville.fr\/?page_id=41"},"modified":"2025-07-02T08:36:56","modified_gmt":"2025-07-02T08:36:56","slug":"accueil","status":"publish","type":"page","link":"https:\/\/sport-dienville.fr\/en\/","title":{"rendered":"Home"},"content":{"rendered":"<p>[et_pb_section fb_built=\u00a0\u00bb1&Prime; admin_label=\u00a0\u00bbHeader\u00a0\u00bb _builder_version=\u00a0\u00bb4.16&Prime; _module_preset=\u00a0\u00bbdefault\u00a0\u00bb background_enable_color=\u00a0\u00bboff\u00a0\u00bb background_image=\u00a0\u00bbhttps:\/\/sport-dienville.fr\/wp-content\/uploads\/2021\/01\/canoe-1149501_1920.jpg\u00a0\u00bb custom_margin=\u00a0\u00bb||||false|false\u00a0\u00bb custom_padding=\u00a0\u00bb0px||0px||true|false\u00a0\u00bb global_colors_info=\u00a0\u00bb{}\u00a0\u00bb][et_pb_row admin_label=\u00a0\u00bbLigne\u00a0\u00bb _builder_version=\u00a0\u00bb4.16&Prime; _module_preset=\u00a0\u00bbdefault\u00a0\u00bb background_enable_color=\u00a0\u00bboff\u00a0\u00bb width=\u00a0\u00bb100%\u00a0\u00bb max_width=\u00a0\u00bb100%\u00a0\u00bb custom_padding=\u00a0\u00bb0px||0px||true|false\u00a0\u00bb global_colors_info=\u00a0\u00bb{}\u00a0\u00bb][et_pb_column type=\u00a0\u00bb4_4&Prime; _builder_version=\u00a0\u00bb4.16&Prime; _module_preset=\u00a0\u00bbdefault\u00a0\u00bb global_colors_info=\u00a0\u00bb{}\u00a0\u00bb][et_pb_text admin_label=\u00a0\u00bbH1&Prime; _builder_version=\u00a0\u00bb4.24.2&Prime; _module_preset=\u00a0\u00bbdefault\u00a0\u00bb text_text_color=\u00a0\u00bb#3F2D1F\u00a0\u00bb header_text_align=\u00a0\u00bbcenter\u00a0\u00bb header_text_color=\u00a0\u00bb#3F2D1F\u00a0\u00bb header_font_size=\u00a0\u00bb7rem\u00a0\u00bb header_2_font=\u00a0\u00bb|700||||||#3F2D1F|\u00a0\u00bb header_2_text_align=\u00a0\u00bbcenter\u00a0\u00bb header_2_text_color=\u00a0\u00bb#3F2D1F\u00a0\u00bb background_color=\u00a0\u00bb#FE9007&Prime; custom_margin=\u00a0\u00bb||||true|false\u00a0\u00bb custom_padding=\u00a0\u00bb2.5rem||2.5rem||true|false\u00a0\u00bb header_font_size_tablet=\u00a0\u00bb7rem\u00a0\u00bb header_font_size_phone=\u00a0\u00bb3rem\u00a0\u00bb header_font_size_last_edited=\u00a0\u00bbon|phone\u00a0\u00bb global_colors_info=\u00a0\u00bb{}\u00a0\u00bb]<\/p>\n<h1>Sport Dienville<\/h1>\n<h2>Kayak &amp; Bike rental<\/h2>\n<p>[\/et_pb_text][\/et_pb_column][\/et_pb_row][\/et_pb_section][et_pb_section fb_built=\u00a0\u00bb1&Prime; admin_label=\u00a0\u00bbSection\u00a0\u00bb _builder_version=\u00a0\u00bb4.24.2&Prime; _module_preset=\u00a0\u00bbdefault\u00a0\u00bb background_color=\u00a0\u00bb#3F2D1F\u00a0\u00bb custom_margin=\u00a0\u00bb||||false|false\u00a0\u00bb custom_padding=\u00a0\u00bb||||true|false\u00a0\u00bb top_divider_style=\u00a0\u00bbmountains2&Prime; top_divider_color=\u00a0\u00bb#FE9007&Prime; global_colors_info=\u00a0\u00bb{}\u00a0\u00bb][et_pb_row column_structure=\u00a0\u00bb2_5,3_5&Prime; use_custom_gutter=\u00a0\u00bbon\u00a0\u00bb gutter_width=\u00a0\u00bb2&Prime; make_equal=\u00a0\u00bbon\u00a0\u00bb _builder_version=\u00a0\u00bb4.24.2&Prime; _dynamic_attributes=\u00a0\u00bblink_option_url\u00a0\u00bb _module_preset=\u00a0\u00bbdefault\u00a0\u00bb background_color=\u00a0\u00bb#F4F4F4&Prime; width=\u00a0\u00bb95%\u00a0\u00bb max_width=\u00a0\u00bb95%\u00a0\u00bb min_height=\u00a0\u00bb50vh\u00a0\u00bb custom_margin=\u00a0\u00bb4rem||4rem||false|false\u00a0\u00bb custom_padding=\u00a0\u00bb1rem|1rem|1rem|1rem|true|true\u00a0\u00bb link_option_url=\u00a0\u00bb@ET-DC@eyJkeW5hbWljIjp0cnVlLCJjb250ZW50IjoicG9zdF9saW5rX3VybF9wYWdlIiwic2V0dGluZ3MiOnsicG9zdF9pZCI6IjE0OSJ9fQ==@\u00a0\u00bb custom_css_free_form=\u00a0\u00bbselector {||  align-items: center;||}||||@media all and (max-width: 980px) {||  selector {||    display: flex;||    flex-direction: column-reverse;||  }||}\u00a0\u00bb box_shadow_style=\u00a0\u00bbpreset1&Prime; global_colors_info=\u00a0\u00bb{}\u00a0\u00bb][et_pb_column type=\u00a0\u00bb2_5&Prime; _builder_version=\u00a0\u00bb4.16&Prime; _module_preset=\u00a0\u00bbdefault\u00a0\u00bb global_colors_info=\u00a0\u00bb{}\u00a0\u00bb][et_pb_button button_url=\u00a0\u00bb@ET-DC@eyJkeW5hbWljIjp0cnVlLCJjb250ZW50IjoicG9zdF9saW5rX3VybF9wYWdlIiwic2V0dGluZ3MiOnsicG9zdF9pZCI6IjE0OSJ9fQ==@\u00a0\u00bb button_text=\u00a0\u00bbSe ressourcer en kayak\u00a0\u00bb button_alignment=\u00a0\u00bbcenter\u00a0\u00bb _builder_version=\u00a0\u00bb4.24.2&Prime; _dynamic_attributes=\u00a0\u00bbbutton_url\u00a0\u00bb _module_preset=\u00a0\u00bbdefault\u00a0\u00bb custom_button=\u00a0\u00bbon\u00a0\u00bb button_text_size=\u00a0\u00bb22px\u00a0\u00bb button_border_radius=\u00a0\u00bb0px\u00a0\u00bb button_letter_spacing=\u00a0\u00bb1px\u00a0\u00bb button_font=\u00a0\u00bb|||on|||||\u00a0\u00bb custom_margin_tablet=\u00a0\u00bb20px||||false|false\u00a0\u00bb custom_margin_phone=\u00a0\u00bb20px||||false|false\u00a0\u00bb custom_margin_last_edited=\u00a0\u00bbon|desktop\u00a0\u00bb custom_css_free_form=\u00a0\u00bbselector {||  width: 100%;||}\u00a0\u00bb global_colors_info=\u00a0\u00bb{}\u00a0\u00bb][\/et_pb_button][et_pb_text _builder_version=\u00a0\u00bb4.27.0&Prime; _module_preset=\u00a0\u00bbdefault\u00a0\u00bb header_2_text_align=\u00a0\u00bbcenter\u00a0\u00bb text_orientation=\u00a0\u00bbcenter\u00a0\u00bb global_colors_info=\u00a0\u00bb{}\u00a0\u00bb]<\/p>\n<h2 style=\"display: none;\">Recharge your batteries in a kayak<\/h2>\n<p>Along the Aube River, you can enjoy a kayak ride and admire the beauty of nature. With family or friends, come and recharge your batteries while observing the river's rich biodiversity. You'll also be amazed by the birds, fish, trees, and plants. You'll experience wonderful moments of conviviality and relaxation.<\/p>\n<p><span style=\"font-family:'Gatintas'\">Sport Dienville<\/span> offers you a kayak rental service to discover the Aube. Thus, on one of our four routes, you can take the time for a serene walk full of lovely surprises, during a descent on the river or the discovery of the Temple Natural Park.<\/p>\n<p>[\/et_pb_text][\/et_pb_column][et_pb_column type=\u00a0\u00bb3_5&Prime; _builder_version=\u00a0\u00bb4.16&Prime; _module_preset=\u00a0\u00bbdefault\u00a0\u00bb global_colors_info=\u00a0\u00bb{}\u00a0\u00bb][et_pb_text _builder_version=\u00a0\u00bb4.24.2&Prime; _module_preset=\u00a0\u00bbdefault\u00a0\u00bb background_image=\u00a0\u00bbhttps:\/\/sport-dienville.fr\/wp-content\/uploads\/2024\/03\/location-canoe.jpg\u00a0\u00bb min_height=\u00a0\u00bb50vh\u00a0\u00bb height=\u00a0\u00bb50vh\u00a0\u00bb custom_css_free_form=\u00a0\u00bbselector p {||  height: 50vh;||}\u00a0\u00bb global_colors_info=\u00a0\u00bb{}\u00a0\u00bb][\/et_pb_text][\/et_pb_column][\/et_pb_row][et_pb_row column_structure=\u00a0\u00bb3_5,2_5&Prime; use_custom_gutter=\u00a0\u00bbon\u00a0\u00bb gutter_width=\u00a0\u00bb2&Prime; make_equal=\u00a0\u00bbon\u00a0\u00bb _builder_version=\u00a0\u00bb4.27.4&Prime; _dynamic_attributes=\u00a0\u00bblink_option_url\u00a0\u00bb _module_preset=\u00a0\u00bbdefault\u00a0\u00bb background_color=\u00a0\u00bb#F4F4F4&Prime; width=\u00a0\u00bb95%\u00a0\u00bb max_width=\u00a0\u00bb95%\u00a0\u00bb min_height=\u00a0\u00bb50vh\u00a0\u00bb custom_margin=\u00a0\u00bb4rem||||false|false\u00a0\u00bb custom_padding=\u00a0\u00bb1rem|1rem|1rem|1rem|true|true\u00a0\u00bb link_option_url=\u00a0\u00bb@ET-DC@eyJkeW5hbWljIjp0cnVlLCJjb250ZW50IjoicG9zdF9saW5rX3VybF9wYWdlIiwic2V0dGluZ3MiOnsicG9zdF9pZCI6IjIifX0=@\u00a0\u00bb custom_css_free_form=\u00a0\u00bbselector {||  align-items: center;||}\u00a0\u00bb box_shadow_style=\u00a0\u00bbpreset1&Prime; global_colors_info=\u00a0\u00bb{}\u00a0\u00bb][et_pb_column type=\u00a0\u00bb3_5&Prime; _builder_version=\u00a0\u00bb4.16&Prime; _module_preset=\u00a0\u00bbdefault\u00a0\u00bb global_colors_info=\u00a0\u00bb{}\u00a0\u00bb][et_pb_text _builder_version=\u00a0\u00bb4.24.2&Prime; _module_preset=\u00a0\u00bbdefault\u00a0\u00bb background_image=\u00a0\u00bbhttps:\/\/sport-dienville.fr\/wp-content\/uploads\/2021\/02\/bike-1598670_1920.jpg\u00a0\u00bb min_height=\u00a0\u00bb50vh\u00a0\u00bb height=\u00a0\u00bb50vh\u00a0\u00bb custom_css_free_form=\u00a0\u00bbselector p {||  min-height: 50vh;||}\u00a0\u00bb global_colors_info=\u00a0\u00bb{}\u00a0\u00bb][\/et_pb_text][\/et_pb_column][et_pb_column type=\u00a0\u00bb2_5&Prime; _builder_version=\u00a0\u00bb4.16&Prime; _module_preset=\u00a0\u00bbdefault\u00a0\u00bb global_colors_info=\u00a0\u00bb{}\u00a0\u00bb][et_pb_button button_url=\u00a0\u00bb@ET-DC@eyJkeW5hbWljIjp0cnVlLCJjb250ZW50IjoicG9zdF9saW5rX3VybF9wYWdlIiwic2V0dGluZ3MiOnsicG9zdF9pZCI6IjIifX0=@\u00a0\u00bb button_text=\u00a0\u00bbD\u00e9couvrir en v\u00e9lo\u00a0\u00bb button_alignment=\u00a0\u00bbcenter\u00a0\u00bb _builder_version=\u00a0\u00bb4.24.2&Prime; _dynamic_attributes=\u00a0\u00bbbutton_url\u00a0\u00bb _module_preset=\u00a0\u00bbdefault\u00a0\u00bb custom_button=\u00a0\u00bbon\u00a0\u00bb button_text_size=\u00a0\u00bb22px\u00a0\u00bb button_border_radius=\u00a0\u00bb0px\u00a0\u00bb button_letter_spacing=\u00a0\u00bb1px\u00a0\u00bb button_font=\u00a0\u00bb|||on|||||\u00a0\u00bb custom_css_free_form=\u00a0\u00bbselector {||  width: 100%;||}\u00a0\u00bb locked=\u00a0\u00bboff\u00a0\u00bb global_colors_info=\u00a0\u00bb{}\u00a0\u00bb][\/et_pb_button][et_pb_text _builder_version=\u00a0\u00bb4.24.2&Prime; _module_preset=\u00a0\u00bbdefault\u00a0\u00bb header_2_text_align=\u00a0\u00bbcenter\u00a0\u00bb text_orientation=\u00a0\u00bbcenter\u00a0\u00bb global_colors_info=\u00a0\u00bb{}\u00a0\u00bb]<\/p>\n<h2 style=\"display:none\">DISCOVER BY BIKE<\/h2>\n<p>In the heart of the For\u00eat d'Orient Regional Natural Park, you can stroll safely along the cycle path. We invite you to discover the treasures of Lake Amance and its surrounding nature. The flora and fauna will reveal their most beautiful wonders to you. You can also admire the heritage of our region.<\/p>\n<p><span style=\"font-family:'Gatintas'\">Sport Dienville<\/span> offers a bicycle rental service for adults and children. You can then set off, with family or friends, to discover the richness of our region.<\/p>\n<p>&nbsp;<\/p>\n<p>[\/et_pb_text][\/et_pb_column][\/et_pb_row][\/et_pb_section][et_pb_section fb_built=\u00a0\u00bb1&Prime; admin_label=\u00a0\u00bbModule r\u00e9sa\u00a0\u00bb module_id=\u00a0\u00bbreserver\u00a0\u00bb _builder_version=\u00a0\u00bb4.27.4&Prime; _module_preset=\u00a0\u00bbdefault\u00a0\u00bb background_color=\u00a0\u00bb#3F2D1F\u00a0\u00bb saved_tabs=\u00a0\u00bball\u00a0\u00bb global_colors_info=\u00a0\u00bb{}\u00a0\u00bb][et_pb_row _builder_version=\u00a0\u00bb4.27.4&Prime; _module_preset=\u00a0\u00bbdefault\u00a0\u00bb global_colors_info=\u00a0\u00bb{}\u00a0\u00bb][et_pb_column type=\u00a0\u00bb4_4&Prime; _builder_version=\u00a0\u00bb4.17.4&Prime; _module_preset=\u00a0\u00bbdefault\u00a0\u00bb global_colors_info=\u00a0\u00bb{}\u00a0\u00bb][et_pb_text _builder_version=\u00a0\u00bb4.27.4&Prime; _module_preset=\u00a0\u00bbdefault\u00a0\u00bb header_3_text_align=\u00a0\u00bbcenter\u00a0\u00bb global_colors_info=\u00a0\u00bb{}\u00a0\u00bb]<\/p>\n<h3>Have you thought about booking online? It's quick and easy!<\/h3>\n<p>[\/et_pb_text][et_pb_text disabled_on=\u00a0\u00bbon|on|on\u00a0\u00bb _builder_version=\u00a0\u00bb4.27.4&Prime; _module_preset=\u00a0\u00bbdefault\u00a0\u00bb disabled=\u00a0\u00bbon\u00a0\u00bb global_colors_info=\u00a0\u00bb{}\u00a0\u00bb]<\/p>\n<div id=\"ConstellationWidgetContainer73722b83-c2f9-400b-afc6-c6fcdea50f33\" style=\"width:100%\" title=\"SPORT DIENVILLE\" data-id-projet='73722b83c2f9400bafc6c6fcdea50f33'>Chargement en cours&#8230;<\/div>\n<p>[\/et_pb_text][et_pb_code disabled_on=\u00a0\u00bbon|on|on\u00a0\u00bb admin_label=\u00a0\u00bbElloha\u00a0\u00bb _builder_version=\u00a0\u00bb4.27.4&Prime; _module_preset=\u00a0\u00bbdefault\u00a0\u00bb disabled=\u00a0\u00bbon\u00a0\u00bb global_colors_info=\u00a0\u00bb{}\u00a0\u00bb]<script type=\"text\/javascript\" src=\"https:\/\/reservation.elloha.com\/Scripts\/widget-loader.min.js?v=42\"><\/script><!-- [et_pb_line_break_holder] --><script><!-- [et_pb_line_break_holder] -->var constellationWidgetUrl73722b83c2f9400bafc6c6fcdea50f33, constellationTypeModule73722b83c2f9400bafc6c6fcdea50f33; constellationWidgetUrl73722b83c2f9400bafc6c6fcdea50f33 = 'https:\/\/reservation.elloha.com\/Widget\/BookingEngine\/73722b83-c2f9-400b-afc6-c6fcdea50f33?idoi=3f521e5a-f5b6-40da-b448-390bbb221886&culture=fr-FR'; constellationTypeModule73722b83c2f9400bafc6c6fcdea50f33=1; constellationWidgetLoad('ConstellationWidgetContainer73722b83-c2f9-400b-afc6-c6fcdea50f33'); constellationWidgetAddEvent(window, \"resize\", function () { constellationWidgetSetAppearance('ConstellationWidgetContainer73722b83-c2f9-400b-afc6-c6fcdea50f33'); });<\/script>[\/et_pb_code][\/et_pb_column][\/et_pb_row][et_pb_row column_structure=\u00a0\u00bb1_2,1_2&Prime; _builder_version=\u00a0\u00bb4.27.4&Prime; _module_preset=\u00a0\u00bbdefault\u00a0\u00bb global_colors_info=\u00a0\u00bb{}\u00a0\u00bb][et_pb_column type=\u00a0\u00bb1_2&Prime; _builder_version=\u00a0\u00bb4.27.4&Prime; _module_preset=\u00a0\u00bbdefault\u00a0\u00bb global_colors_info=\u00a0\u00bb{}\u00a0\u00bb][et_pb_text _builder_version=\u00a0\u00bb4.27.4&Prime; _module_preset=\u00a0\u00bbdefault\u00a0\u00bb header_text_align=\u00a0\u00bbcenter\u00a0\u00bb header_2_text_align=\u00a0\u00bbcenter\u00a0\u00bb global_colors_info=\u00a0\u00bb{}\u00a0\u00bb]<\/p>\n<h2>Kayak<\/h2>\n<p>[\/et_pb_text][et_pb_button button_url=\u00a0\u00bbhttps:\/\/tinyurl.com\/26dtzqor\u00a0\u00bb url_new_window=\u00a0\u00bbon\u00a0\u00bb button_text=\u00a0\u00bbPetite balade (1h30 env.) id\u00e9ale avec les tous petits\u00a0\u00bb button_alignment=\u00a0\u00bbcenter\u00a0\u00bb _builder_version=\u00a0\u00bb4.27.4&Prime; _module_preset=\u00a0\u00bbdefault\u00a0\u00bb custom_button=\u00a0\u00bbon\u00a0\u00bb button_font=\u00a0\u00bb|700|||||||\u00a0\u00bb hover_enabled=\u00a0\u00bb0&Prime; global_colors_info=\u00a0\u00bb{}\u00a0\u00bb sticky_enabled=\u00a0\u00bb0&Prime;][\/et_pb_button][et_pb_button button_url=\u00a0\u00bbhttps:\/\/tinyurl.com\/2db5yd7t\u00a0\u00bb url_new_window=\u00a0\u00bbon\u00a0\u00bb button_text=\u00a0\u00bbDescente standard (2h \u00e0 2h30) La meilleure !\u00a0\u00bb button_alignment=\u00a0\u00bbcenter\u00a0\u00bb _builder_version=\u00a0\u00bb4.27.4&Prime; _module_preset=\u00a0\u00bbdefault\u00a0\u00bb custom_button=\u00a0\u00bbon\u00a0\u00bb button_text_size=\u00a0\u00bb18px\u00a0\u00bb button_font=\u00a0\u00bb|700|||||||\u00a0\u00bb hover_enabled=\u00a0\u00bb0&Prime; global_colors_info=\u00a0\u00bb{}\u00a0\u00bb sticky_enabled=\u00a0\u00bb0&Prime;][\/et_pb_button][\/et_pb_column][et_pb_column type=\u00a0\u00bb1_2&Prime; _builder_version=\u00a0\u00bb4.27.4&Prime; _module_preset=\u00a0\u00bbdefault\u00a0\u00bb global_colors_info=\u00a0\u00bb{}\u00a0\u00bb][et_pb_text _builder_version=\u00a0\u00bb4.27.4&Prime; _module_preset=\u00a0\u00bbdefault\u00a0\u00bb header_2_text_align=\u00a0\u00bbcenter\u00a0\u00bb global_colors_info=\u00a0\u00bb{}\u00a0\u00bb]<\/p>\n<h2>Bike<\/h2>\n<p>[\/et_pb_text][et_pb_button button_url=\u00a0\u00bbhttps:\/\/tinyurl.com\/282emrzk\u00a0\u00bb url_new_window=\u00a0\u00bbon\u00a0\u00bb button_text=\u00a0\u00bbLocation v\u00e9los 1\/2 Journ\u00e9e (de 9h \u00e0 12h ou de 15h \u00e0 19h)\u00a0\u00bb button_alignment=\u00a0\u00bbcenter\u00a0\u00bb _builder_version=\u00a0\u00bb4.27.4&Prime; _module_preset=\u00a0\u00bbdefault\u00a0\u00bb custom_button=\u00a0\u00bbon\u00a0\u00bb button_font=\u00a0\u00bb|700|||||||\u00a0\u00bb global_colors_info=\u00a0\u00bb{}\u00a0\u00bb][\/et_pb_button][et_pb_button button_url=\u00a0\u00bbhttps:\/\/tinyurl.com\/29p9m2vd\u00a0\u00bb url_new_window=\u00a0\u00bbon\u00a0\u00bb button_text=\u00a0\u00bbLocation v\u00e9los Journ\u00e9e (de 9h \u00e0 19h)\u00a0\u00bb button_alignment=\u00a0\u00bbcenter\u00a0\u00bb _builder_version=\u00a0\u00bb4.27.4&Prime; _module_preset=\u00a0\u00bbdefault\u00a0\u00bb custom_button=\u00a0\u00bbon\u00a0\u00bb button_font=\u00a0\u00bb|700|||||||\u00a0\u00bb global_colors_info=\u00a0\u00bb{}\u00a0\u00bb][\/et_pb_button][\/et_pb_column][\/et_pb_row][\/et_pb_section][et_pb_section fb_built=\u00a0\u00bb1&Prime; admin_label=\u00a0\u00bbSection\u00a0\u00bb _builder_version=\u00a0\u00bb4.8.1&Prime; _module_preset=\u00a0\u00bbdefault\u00a0\u00bb background_color=\u00a0\u00bb#F4F4F4&Prime; custom_margin=\u00a0\u00bb0px||||false|false\u00a0\u00bb custom_padding=\u00a0\u00bb0px||100px||false|false\u00a0\u00bb bottom_divider_style=\u00a0\u00bbmountains2&Prime; bottom_divider_color=\u00a0\u00bb#3F2D1F\u00a0\u00bb bottom_divider_repeat=\u00a0\u00bb2x\u00a0\u00bb global_module=\u00a0\u00bb323&Prime; saved_tabs=\u00a0\u00bball\u00a0\u00bb global_colors_info=\u00a0\u00bb{}\u00a0\u00bb][et_pb_row make_equal=\u00a0\u00bbon\u00a0\u00bb _builder_version=\u00a0\u00bb4.16&Prime; _module_preset=\u00a0\u00bbdefault\u00a0\u00bb global_colors_info=\u00a0\u00bb{}\u00a0\u00bb][et_pb_column type=\u00a0\u00bb4_4&Prime; _builder_version=\u00a0\u00bb4.16&Prime; _module_preset=\u00a0\u00bbdefault\u00a0\u00bb global_colors_info=\u00a0\u00bb{}\u00a0\u00bb][et_pb_text _builder_version=\u00a0\u00bb4.27.4&Prime; _module_preset=\u00a0\u00bbdefault\u00a0\u00bb header_2_text_align=\u00a0\u00bbcenter\u00a0\u00bb header_3_font=\u00a0\u00bb||||on||||\u00a0\u00bb header_3_font_size=\u00a0\u00bb20px\u00a0\u00bb text_orientation=\u00a0\u00bbcenter\u00a0\u00bb global_colors_info=\u00a0\u00bb{}\u00a0\u00bb]<\/p>\n<h2>Come to us<\/h2>\n<p>[\/et_pb_text][\/et_pb_column][\/et_pb_row][et_pb_row column_structure=\u00a0\u00bb1_3,2_3&Prime; make_equal=\u00a0\u00bbon\u00a0\u00bb _builder_version=\u00a0\u00bb4.16&Prime; _module_preset=\u00a0\u00bbdefault\u00a0\u00bb custom_css_main_element=\u00a0\u00bbalign-items: center;\u00a0\u00bb global_colors_info=\u00a0\u00bb{}\u00a0\u00bb][et_pb_column type=\u00a0\u00bb1_3&Prime; _builder_version=\u00a0\u00bb4.16&Prime; _module_preset=\u00a0\u00bbdefault\u00a0\u00bb global_colors_info=\u00a0\u00bb{}\u00a0\u00bb][et_pb_text _builder_version=\u00a0\u00bb4.24.2&Prime; _module_preset=\u00a0\u00bbdefault\u00a0\u00bb header_2_text_align=\u00a0\u00bbcenter\u00a0\u00bb header_3_font=\u00a0\u00bb||||on||||\u00a0\u00bb header_3_font_size=\u00a0\u00bb20px\u00a0\u00bb text_orientation=\u00a0\u00bbcenter\u00a0\u00bb module_alignment=\u00a0\u00bbcenter\u00a0\u00bb custom_margin=\u00a0\u00bb||||true|false\u00a0\u00bb custom_padding=\u00a0\u00bb||||true|false\u00a0\u00bb global_colors_info=\u00a0\u00bb{}\u00a0\u00bb]<\/p>\n<h3>SPORT Dienville<\/h3>\n<p>Domaine le Colombier<br \/>8 avenue Jean Lanez<br \/>10500 Dienville<\/p>\n<h3>Reach us<\/h3>\n<p><a href=\"tel:+33325922347\"><i class=\"fas fa-phone\"><\/i> +33 3 25 92 23 47<\/a><br \/><a href=\"mailto:sport.dienville@gmail.com\"><i class=\"fas fa-envelope\"><\/i> sport.dienville@gmail.com<\/a><\/p>\n<p>[\/et_pb_text][\/et_pb_column][et_pb_column type=\u00a0\u00bb2_3&Prime; _builder_version=\u00a0\u00bb4.16&Prime; _module_preset=\u00a0\u00bbdefault\u00a0\u00bb global_colors_info=\u00a0\u00bb{}\u00a0\u00bb][et_pb_code _builder_version=\u00a0\u00bb4.24.2&Prime; _module_preset=\u00a0\u00bbdefault\u00a0\u00bb global_colors_info=\u00a0\u00bb{}\u00a0\u00bb]<iframe src=\"https:\/\/www.google.com\/maps\/embed?pb=!1m18!1m12!1m3!1d16124.690598100808!2d4.519710393947648!3d48.34299732197301!2m3!1f0!2f0!3f0!3m2!1i1024!2i768!4f13.1!3m3!1m2!1s0x47ec15c72dfd498f%3A0x20778b4eade44ed7!2sSPORT%20Dienville!5e0!3m2!1sfr!2sen!4v1710891662280!5m2!1sfr!2sen\" width=\"800\" height=\"600\" style=\"border:0;\" allowfullscreen=\"\" loading=\"lazy\" referrerpolicy=\"no-referrer-when-downgrade\"><\/iframe>[\/et_pb_code][\/et_pb_column][\/et_pb_row][et_pb_row _builder_version=\u00a0\u00bb4.27.4&Prime; _module_preset=\u00a0\u00bbdefault\u00a0\u00bb global_colors_info=\u00a0\u00bb{}\u00a0\u00bb][et_pb_column type=\u00a0\u00bb4_4&Prime; _builder_version=\u00a0\u00bb4.16&Prime; _module_preset=\u00a0\u00bbdefault\u00a0\u00bb global_colors_info=\u00a0\u00bb{}\u00a0\u00bb][et_pb_text _builder_version=\u00a0\u00bb4.27.4&Prime; _module_preset=\u00a0\u00bbdefault\u00a0\u00bb text_font_size=\u00a0\u00bb20px\u00a0\u00bb text_orientation=\u00a0\u00bbcenter\u00a0\u00bb global_colors_info=\u00a0\u00bb{}\u00a0\u00bb]<\/p>\n<p><span style=\"font-family:'Gatintas';\">Sport Dienville<\/span>, an original idea proposed by the <a href=\"https:\/\/domaine-le-colombier.fr\" >Domaine le Colombier<\/a><\/p>\n<p>[\/et_pb_text][et_pb_text _builder_version=\u00a0\u00bb4.27.4&Prime; _module_preset=\u00a0\u00bbdefault\u00a0\u00bb text_font=\u00a0\u00bb||||||||\u00a0\u00bb text_orientation=\u00a0\u00bbcenter\u00a0\u00bb module_alignment=\u00a0\u00bbcenter\u00a0\u00bb global_colors_info=\u00a0\u00bb{}\u00a0\u00bb]<\/p>\n<p>Horaires d&rsquo;ouverture :<br \/>9am to 12am and 2pm to 8pm<br \/>from April 1st to November 15th, opened everyday<\/p>\n<p style=\"text-decoration: underline\">with the support of<\/p>\n<p>[\/et_pb_text][\/et_pb_column][\/et_pb_row][et_pb_row column_structure=\u00a0\u00bb1_6,1_6,1_6,1_6,1_6,1_6&Prime; make_equal=\u00a0\u00bbon\u00a0\u00bb _builder_version=\u00a0\u00bb4.16&Prime; _module_preset=\u00a0\u00bbdefault\u00a0\u00bb module_alignment=\u00a0\u00bbcenter\u00a0\u00bb custom_css_main_element=\u00a0\u00bbalign-items: center;\u00a0\u00bb global_colors_info=\u00a0\u00bb{}\u00a0\u00bb][et_pb_column type=\u00a0\u00bb1_6&Prime; _builder_version=\u00a0\u00bb4.16&Prime; _module_preset=\u00a0\u00bbdefault\u00a0\u00bb global_colors_info=\u00a0\u00bb{}\u00a0\u00bb][et_pb_image src=\u00a0\u00bbhttps:\/\/sport-dienville.fr\/wp-content\/uploads\/2021\/03\/cdt_Aube.png\u00a0\u00bb alt=\u00a0\u00bbcdt_Aube\u00a0\u00bb title_text=\u00a0\u00bbComit\u00e9 d\u00e9partemental du Tourisme de l&rsquo;Aube\u00a0\u00bb url=\u00a0\u00bbhttps:\/\/www.aube-champagne.com\/fr\/aube-en-champagne-tourisme\/\u00a0\u00bb url_new_window=\u00a0\u00bbon\u00a0\u00bb align=\u00a0\u00bbcenter\u00a0\u00bb _builder_version=\u00a0\u00bb4.27.4&Prime; _module_preset=\u00a0\u00bbdefault\u00a0\u00bb background_color=\u00a0\u00bb#F4F4F4&Prime; max_width=\u00a0\u00bb100px\u00a0\u00bb max_height=\u00a0\u00bb100px\u00a0\u00bb custom_padding=\u00a0\u00bb0.5rem|0.5rem|0.5rem|0.5rem|true|true\u00a0\u00bb global_colors_info=\u00a0\u00bb{}\u00a0\u00bb][\/et_pb_image][\/et_pb_column][et_pb_column type=\u00a0\u00bb1_6&Prime; _builder_version=\u00a0\u00bb4.16&Prime; _module_preset=\u00a0\u00bbdefault\u00a0\u00bb global_colors_info=\u00a0\u00bb{}\u00a0\u00bb][et_pb_image src=\u00a0\u00bbhttps:\/\/sport-dienville.fr\/wp-content\/uploads\/2021\/03\/logo_pnr.png\u00a0\u00bb alt=\u00a0\u00bblogo_pnr\u00a0\u00bb title_text=\u00a0\u00bbParc Naturel R\u00e9gional de le For\u00eat d&rsquo;Orient\u00a0\u00bb url=\u00a0\u00bbhttps:\/\/www.pnr-foret-orient.fr\u00a0\u00bb url_new_window=\u00a0\u00bbon\u00a0\u00bb align=\u00a0\u00bbcenter\u00a0\u00bb _builder_version=\u00a0\u00bb4.16&Prime; _module_preset=\u00a0\u00bbdefault\u00a0\u00bb background_color=\u00a0\u00bb#F4F4F4&Prime; max_width=\u00a0\u00bb100px\u00a0\u00bb max_height=\u00a0\u00bb100px\u00a0\u00bb custom_padding=\u00a0\u00bb0.5rem|0.5rem|0.5rem|0.5rem|true|true\u00a0\u00bb global_colors_info=\u00a0\u00bb{}\u00a0\u00bb][\/et_pb_image][\/et_pb_column][et_pb_column type=\u00a0\u00bb1_6&Prime; _builder_version=\u00a0\u00bb4.16&Prime; _module_preset=\u00a0\u00bbdefault\u00a0\u00bb global_colors_info=\u00a0\u00bb{}\u00a0\u00bb][et_pb_image src=\u00a0\u00bbhttps:\/\/sport-dienville.fr\/wp-content\/uploads\/2021\/04\/Logo_OTGLC.png\u00a0\u00bb alt=\u00a0\u00bbcc_champagne\u00a0\u00bb title_text=\u00a0\u00bbLogo_OTGLC\u00a0\u00bb url=\u00a0\u00bbhttps:\/\/cclacsdechampagne.fr\/\u00a0\u00bb url_new_window=\u00a0\u00bbon\u00a0\u00bb align=\u00a0\u00bbcenter\u00a0\u00bb _builder_version=\u00a0\u00bb4.16&Prime; _module_preset=\u00a0\u00bbdefault\u00a0\u00bb background_color=\u00a0\u00bb#F4F4F4&Prime; max_width=\u00a0\u00bb100px\u00a0\u00bb max_height=\u00a0\u00bb100px\u00a0\u00bb custom_padding=\u00a0\u00bb0.5rem|0.5rem|0.5rem|0.5rem|true|true\u00a0\u00bb global_colors_info=\u00a0\u00bb{}\u00a0\u00bb][\/et_pb_image][\/et_pb_column][et_pb_column type=\u00a0\u00bb1_6&Prime; _builder_version=\u00a0\u00bb4.16&Prime; _module_preset=\u00a0\u00bbdefault\u00a0\u00bb global_colors_info=\u00a0\u00bb{}\u00a0\u00bb][et_pb_image src=\u00a0\u00bbhttps:\/\/sport-dienville.fr\/wp-content\/uploads\/2021\/03\/blason_dienville.png\u00a0\u00bb alt=\u00a0\u00bbblason_dienville\u00a0\u00bb title_text=\u00a0\u00bbLa commune de Dienville\u00a0\u00bb url=\u00a0\u00bbhttps:\/\/commune-de-dienville.com\/\u00a0\u00bb url_new_window=\u00a0\u00bbon\u00a0\u00bb align=\u00a0\u00bbcenter\u00a0\u00bb _builder_version=\u00a0\u00bb4.16&Prime; _module_preset=\u00a0\u00bbdefault\u00a0\u00bb background_color=\u00a0\u00bb#F4F4F4&Prime; max_width=\u00a0\u00bb100px\u00a0\u00bb max_height=\u00a0\u00bb100px\u00a0\u00bb custom_padding=\u00a0\u00bb0.5rem|0.5rem|0.5rem|0.5rem|true|true\u00a0\u00bb global_colors_info=\u00a0\u00bb{}\u00a0\u00bb][\/et_pb_image][\/et_pb_column][et_pb_column type=\u00a0\u00bb1_6&Prime; _builder_version=\u00a0\u00bb4.16&Prime; _module_preset=\u00a0\u00bbdefault\u00a0\u00bb global_colors_info=\u00a0\u00bb{}\u00a0\u00bb][et_pb_image src=\u00a0\u00bbhttps:\/\/sport-dienville.fr\/wp-content\/uploads\/2022\/06\/leader_logo.png\u00a0\u00bb title_text=\u00a0\u00bbleader_logo\u00a0\u00bb url_new_window=\u00a0\u00bbon\u00a0\u00bb align=\u00a0\u00bbcenter\u00a0\u00bb _builder_version=\u00a0\u00bb4.16&Prime; _module_preset=\u00a0\u00bbdefault\u00a0\u00bb background_color=\u00a0\u00bb#F4F4F4&Prime; max_width=\u00a0\u00bb100px\u00a0\u00bb max_height=\u00a0\u00bb100px\u00a0\u00bb custom_padding=\u00a0\u00bb0.5rem|0.5rem|0.5rem|0.5rem|true|true\u00a0\u00bb global_colors_info=\u00a0\u00bb{}\u00a0\u00bb][\/et_pb_image][\/et_pb_column][et_pb_column type=\u00a0\u00bb1_6&Prime; _builder_version=\u00a0\u00bb4.16&Prime; _module_preset=\u00a0\u00bbdefault\u00a0\u00bb global_colors_info=\u00a0\u00bb{}\u00a0\u00bb][et_pb_image src=\u00a0\u00bbhttps:\/\/sport-dienville.fr\/wp-content\/uploads\/2022\/06\/eu_logo.png\u00a0\u00bb title_text=\u00a0\u00bbeu_logo\u00a0\u00bb url_new_window=\u00a0\u00bbon\u00a0\u00bb align=\u00a0\u00bbcenter\u00a0\u00bb _builder_version=\u00a0\u00bb4.16&Prime; _module_preset=\u00a0\u00bbdefault\u00a0\u00bb background_color=\u00a0\u00bb#F4F4F4&Prime; max_width=\u00a0\u00bb100px\u00a0\u00bb max_height=\u00a0\u00bb100px\u00a0\u00bb custom_padding=\u00a0\u00bb0.5rem|0.5rem|0.5rem|0.5rem|true|true\u00a0\u00bb global_colors_info=\u00a0\u00bb{}\u00a0\u00bb][\/et_pb_image][\/et_pb_column][\/et_pb_row][\/et_pb_section][et_pb_section fb_built=\u00a0\u00bb1&Prime; _builder_version=\u00a0\u00bb4.27.4&Prime; _dynamic_attributes=\u00a0\u00bblink_option_url\u00a0\u00bb _module_preset=\u00a0\u00bbdefault\u00a0\u00bb background_color=\u00a0\u00bb#FE9007&Prime; positioning=\u00a0\u00bbfixed\u00a0\u00bb position_origin_a=\u00a0\u00bbbottom_center\u00a0\u00bb position_origin_f=\u00a0\u00bbbottom_center\u00a0\u00bb vertical_offset=\u00a0\u00bb100px\u00a0\u00bb z_index=\u00a0\u00bb9999&Prime; width_phone=\u00a0\u00bb100%\u00a0\u00bb width_last_edited=\u00a0\u00bboff|tablet\u00a0\u00bb height=\u00a0\u00bb0px\u00a0\u00bb custom_margin=\u00a0\u00bb0px||0px||false|false\u00a0\u00bb custom_padding=\u00a0\u00bb0px||0px||false|false\u00a0\u00bb link_option_url=\u00a0\u00bb#reserver\u00a0\u00bb global_module=\u00a0\u00bb828&Prime; global_colors_info=\u00a0\u00bb{}\u00a0\u00bb][et_pb_row _builder_version=\u00a0\u00bb4.27.4&Prime; _module_preset=\u00a0\u00bbdefault\u00a0\u00bb background_color=\u00a0\u00bb#FE9007&Prime; width=\u00a0\u00bb100%\u00a0\u00bb max_width=\u00a0\u00bb100%\u00a0\u00bb link_option_url=\u00a0\u00bb#reserver\u00a0\u00bb link_option_url_new_window=\u00a0\u00bbon\u00a0\u00bb global_colors_info=\u00a0\u00bb{}\u00a0\u00bb][et_pb_column type=\u00a0\u00bb4_4&Prime; _builder_version=\u00a0\u00bb4.24.2&Prime; _module_preset=\u00a0\u00bbdefault\u00a0\u00bb global_colors_info=\u00a0\u00bb{}\u00a0\u00bb][et_pb_text _builder_version=\u00a0\u00bb4.27.4&Prime; _module_preset=\u00a0\u00bbdefault\u00a0\u00bb header_2_font=\u00a0\u00bb|700|||||||\u00a0\u00bb header_2_text_align=\u00a0\u00bbcenter\u00a0\u00bb header_2_text_color=\u00a0\u00bb#F4F4F4&Prime; link_option_url=\u00a0\u00bb#reserver\u00a0\u00bb global_colors_info=\u00a0\u00bb{}\u00a0\u00bb]<\/p>\n<h2><svg style=\"height: 40px; width: 40px;\" xmlns=\"http:\/\/www.w3.org\/2000\/svg\" viewbox=\"0 0 448 512\"><!--!Font Awesome Free 6.7.2 by @fontawesome - https:\/\/fontawesome.com License - https:\/\/fontawesome.com\/license\/free Copyright 2025 Fonticons, Inc.--><path fill=\"currentColor\" d=\"M128 0c17.7 0 32 14.3 32 32l0 32 128 0 0-32c0-17.7 14.3-32 32-32s32 14.3 32 32l0 32 48 0c26.5 0 48 21.5 48 48l0 48L0 160l0-48C0 85.5 21.5 64 48 64l48 0 0-32c0-17.7 14.3-32 32-32zM0 192l448 0 0 272c0 26.5-21.5 48-48 48L48 512c-26.5 0-48-21.5-48-48L0 192zm64 80l0 32c0 8.8 7.2 16 16 16l32 0c8.8 0 16-7.2 16-16l0-32c0-8.8-7.2-16-16-16l-32 0c-8.8 0-16 7.2-16 16zm128 0l0 32c0 8.8 7.2 16 16 16l32 0c8.8 0 16-7.2 16-16l0-32c0-8.8-7.2-16-16-16l-32 0c-8.8 0-16 7.2-16 16zm144-16c-8.8 0-16 7.2-16 16l0 32c0 8.8 7.2 16 16 16l32 0c8.8 0 16-7.2 16-16l0-32c0-8.8-7.2-16-16-16l-32 0zM64 400l0 32c0 8.8 7.2 16 16 16l32 0c8.8 0 16-7.2 16-16l0-32c0-8.8-7.2-16-16-16l-32 0c-8.8 0-16 7.2-16 16zm144-16c-8.8 0-16 7.2-16 16l0 32c0 8.8 7.2 16 16 16l32 0c8.8 0 16-7.2 16-16l0-32c0-8.8-7.2-16-16-16l-32 0zm112 16l0 32c0 8.8 7.2 16 16 16l32 0c8.8 0 16-7.2 16-16l0-32c0-8.8-7.2-16-16-16l-32 0c-8.8 0-16 7.2-16 16z\"\/><\/svg> Book right now<\/h2>\n<p>[\/et_pb_text][\/et_pb_column][\/et_pb_row][\/et_pb_section]<\/p>","protected":false},"excerpt":{"rendered":"<p>Sport Dienville Location de V\u00e9lo &#038; de KayakSe ressourcer en kayak Au fil de l\u2019Aube, vous pourrez profiter d\u2019une balade en kayak et admirer les beaut\u00e9s de la nature. En famille ou entre amis, venez vous ressourcer mais aussi observer la riche biodiversit\u00e9 de la rivi\u00e8re. Aussi, les oiseaux, les poissons, les arbres et les [&hellip;]<\/p>","protected":false},"author":1,"featured_media":0,"parent":0,"menu_order":0,"comment_status":"closed","ping_status":"closed","template":"","meta":{"_et_pb_use_builder":"on","_et_pb_old_content":"","_et_gb_content_width":"","footnotes":""},"class_list":["post-41","page","type-page","status-publish","hentry"],"yoast_head":"<!-- This site is optimized with the Yoast SEO plugin v25.0 - https:\/\/yoast.com\/wordpress\/plugins\/seo\/ -->\n<title>Sport Dienville - Location de v\u00e9lo et de kayak dans la for\u00eat d&#039;Orient<\/title>\n<meta name=\"description\" content=\"Sport Dienville vous propose un service de location de v\u00e9lo et de kayak pour d\u00e9couvrir les tr\u00e9sors du Parc naturel de la For\u00eat d&#039;Orient.\" \/>\n<meta name=\"robots\" content=\"index, follow, max-snippet:-1, max-image-preview:large, max-video-preview:-1\" \/>\n<link rel=\"canonical\" href=\"https:\/\/sport-dienville.fr\/en\/\" \/>\n<meta property=\"og:locale\" content=\"en_GB\" \/>\n<meta property=\"og:type\" content=\"article\" \/>\n<meta property=\"og:title\" content=\"Sport Dienville - Location de v\u00e9lo et de kayak dans la for\u00eat d&#039;Orient\" \/>\n<meta property=\"og:description\" content=\"Sport Dienville vous propose un service de location de v\u00e9lo et de kayak pour d\u00e9couvrir les tr\u00e9sors du Parc naturel de la For\u00eat d&#039;Orient.\" \/>\n<meta property=\"og:url\" content=\"https:\/\/sport-dienville.fr\/en\/\" \/>\n<meta property=\"og:site_name\" content=\"Sport Dienville\" \/>\n<meta property=\"article:modified_time\" content=\"2025-07-02T08:36:56+00:00\" \/>\n<meta name=\"twitter:card\" content=\"summary_large_image\" \/>\n<meta name=\"twitter:label1\" content=\"Estimated reading time\" \/>\n\t<meta name=\"twitter:data1\" content=\"3 minutes\" \/>\n<script type=\"application\/ld+json\" class=\"yoast-schema-graph\">{\"@context\":\"https:\/\/schema.org\",\"@graph\":[{\"@type\":\"WebPage\",\"@id\":\"https:\/\/sport-dienville.fr\/\",\"url\":\"https:\/\/sport-dienville.fr\/\",\"name\":\"Sport Dienville - Location de v\u00e9lo et de kayak dans la for\u00eat d'Orient\",\"isPartOf\":{\"@id\":\"https:\/\/sport-dienville.fr\/#website\"},\"datePublished\":\"2021-01-23T15:08:59+00:00\",\"dateModified\":\"2025-07-02T08:36:56+00:00\",\"description\":\"Sport Dienville vous propose un service de location de v\u00e9lo et de kayak pour d\u00e9couvrir les tr\u00e9sors du Parc naturel de la For\u00eat d'Orient.\",\"breadcrumb\":{\"@id\":\"https:\/\/sport-dienville.fr\/#breadcrumb\"},\"inLanguage\":\"en-GB\",\"potentialAction\":[{\"@type\":\"ReadAction\",\"target\":[\"https:\/\/sport-dienville.fr\/\"]}]},{\"@type\":\"BreadcrumbList\",\"@id\":\"https:\/\/sport-dienville.fr\/#breadcrumb\",\"itemListElement\":[{\"@type\":\"ListItem\",\"position\":1,\"name\":\"Accueil\",\"item\":\"https:\/\/sport-dienville.fr\/\"},{\"@type\":\"ListItem\",\"position\":2,\"name\":\"Accueil\"}]},{\"@type\":\"WebSite\",\"@id\":\"https:\/\/sport-dienville.fr\/#website\",\"url\":\"https:\/\/sport-dienville.fr\/\",\"name\":\"Sport Dienville\",\"description\":\"Sports sauvages\",\"potentialAction\":[{\"@type\":\"SearchAction\",\"target\":{\"@type\":\"EntryPoint\",\"urlTemplate\":\"https:\/\/sport-dienville.fr\/?s={search_term_string}\"},\"query-input\":{\"@type\":\"PropertyValueSpecification\",\"valueRequired\":true,\"valueName\":\"search_term_string\"}}],\"inLanguage\":\"en-GB\"}]}<\/script>\n<!-- \/ Yoast SEO plugin. -->","yoast_head_json":{"title":"Sport Dienville - Location de v\u00e9lo et de kayak dans la for\u00eat d'Orient","description":"Sport Dienville vous propose un service de location de v\u00e9lo et de kayak pour d\u00e9couvrir les tr\u00e9sors du Parc naturel de la For\u00eat d'Orient.","robots":{"index":"index","follow":"follow","max-snippet":"max-snippet:-1","max-image-preview":"max-image-preview:large","max-video-preview":"max-video-preview:-1"},"canonical":"https:\/\/sport-dienville.fr\/en\/","og_locale":"en_GB","og_type":"article","og_title":"Sport Dienville - Location de v\u00e9lo et de kayak dans la for\u00eat d'Orient","og_description":"Sport Dienville vous propose un service de location de v\u00e9lo et de kayak pour d\u00e9couvrir les tr\u00e9sors du Parc naturel de la For\u00eat d'Orient.","og_url":"https:\/\/sport-dienville.fr\/en\/","og_site_name":"Sport Dienville","article_modified_time":"2025-07-02T08:36:56+00:00","twitter_card":"summary_large_image","twitter_misc":{"Estimated reading time":"3 minutes"},"schema":{"@context":"https:\/\/schema.org","@graph":[{"@type":"WebPage","@id":"https:\/\/sport-dienville.fr\/","url":"https:\/\/sport-dienville.fr\/","name":"Sport Dienville - Location de v\u00e9lo et de kayak dans la for\u00eat d'Orient","isPartOf":{"@id":"https:\/\/sport-dienville.fr\/#website"},"datePublished":"2021-01-23T15:08:59+00:00","dateModified":"2025-07-02T08:36:56+00:00","description":"Sport Dienville vous propose un service de location de v\u00e9lo et de kayak pour d\u00e9couvrir les tr\u00e9sors du Parc naturel de la For\u00eat d'Orient.","breadcrumb":{"@id":"https:\/\/sport-dienville.fr\/#breadcrumb"},"inLanguage":"en-GB","potentialAction":[{"@type":"ReadAction","target":["https:\/\/sport-dienville.fr\/"]}]},{"@type":"BreadcrumbList","@id":"https:\/\/sport-dienville.fr\/#breadcrumb","itemListElement":[{"@type":"ListItem","position":1,"name":"Accueil","item":"https:\/\/sport-dienville.fr\/"},{"@type":"ListItem","position":2,"name":"Accueil"}]},{"@type":"WebSite","@id":"https:\/\/sport-dienville.fr\/#website","url":"https:\/\/sport-dienville.fr\/","name":"Sport Dienville","description":"Sports sauvages","potentialAction":[{"@type":"SearchAction","target":{"@type":"EntryPoint","urlTemplate":"https:\/\/sport-dienville.fr\/?s={search_term_string}"},"query-input":{"@type":"PropertyValueSpecification","valueRequired":true,"valueName":"search_term_string"}}],"inLanguage":"en-GB"}]}},"_links":{"self":[{"href":"https:\/\/sport-dienville.fr\/en\/wp-json\/wp\/v2\/pages\/41","targetHints":{"allow":["GET"]}}],"collection":[{"href":"https:\/\/sport-dienville.fr\/en\/wp-json\/wp\/v2\/pages"}],"about":[{"href":"https:\/\/sport-dienville.fr\/en\/wp-json\/wp\/v2\/types\/page"}],"author":[{"embeddable":true,"href":"https:\/\/sport-dienville.fr\/en\/wp-json\/wp\/v2\/users\/1"}],"replies":[{"embeddable":true,"href":"https:\/\/sport-dienville.fr\/en\/wp-json\/wp\/v2\/comments?post=41"}],"version-history":[{"count":135,"href":"https:\/\/sport-dienville.fr\/en\/wp-json\/wp\/v2\/pages\/41\/revisions"}],"predecessor-version":[{"id":1322,"href":"https:\/\/sport-dienville.fr\/en\/wp-json\/wp\/v2\/pages\/41\/revisions\/1322"}],"wp:attachment":[{"href":"https:\/\/sport-dienville.fr\/en\/wp-json\/wp\/v2\/media?parent=41"}],"curies":[{"name":"wp","href":"https:\/\/api.w.org\/{rel}","templated":true}]}}